{"id":17729,"date":"2023-03-20T14:41:02","date_gmt":"2023-03-20T13:41:02","guid":{"rendered":"https:\/\/www.loiseliere.com\/concept\/"},"modified":"2025-12-09T15:03:23","modified_gmt":"2025-12-09T14:03:23","slug":"konzept","status":"publish","type":"page","link":"https:\/\/www.loiseliere.com\/de\/konzept\/","title":{"rendered":"Konzept und Entwicklung"},"content":{"rendered":"\t\t<div data-elementor-type=\"wp-page\" data-elementor-id=\"17729\" class=\"elementor elementor-17729 elementor-10857\">\n\t\t\t\t\t\t<section class=\"elementor-section elementor-top-section elementor-element elementor-element-4cc7feb9 elementor-section-full_width elementor-section-stretched elementor-section-height-default elementor-section-height-default qodef-elementor-content-no\" data-id=\"4cc7feb9\" data-element_type=\"section\" data-settings=\"{&quot;stretch_section&quot;:&quot;section-stretched&quot;}\">\n\t\t\t\t\t\t<div class=\"elementor-container elementor-column-gap-default\">\n\t\t\t\t\t<div class=\"elementor-column elementor-col-100 elementor-top-column elementor-element elementor-element-2813bdb\" data-id=\"2813bdb\" data-element_type=\"column\">\n\t\t\t<div class=\"elementor-widget-wrap elementor-element-populated\">\n\t\t\t\t\t\t<div class=\"elementor-element elementor-element-7473d1fc elementor-arrows-position-inside elementor-widget elementor-widget-image-carousel\" data-id=\"7473d1fc\" data-element_type=\"widget\" data-settings=\"{&quot;slides_to_show&quot;:&quot;2&quot;,&quot;navigation&quot;:&quot;arrows&quot;,&quot;image_spacing_custom&quot;:{&quot;unit&quot;:&quot;px&quot;,&quot;size&quot;:2,&quot;sizes&quot;:[]},&quot;autoplay&quot;:&quot;yes&quot;,&quot;pause_on_hover&quot;:&quot;yes&quot;,&quot;pause_on_interaction&quot;:&quot;yes&quot;,&quot;autoplay_speed&quot;:5000,&quot;infinite&quot;:&quot;yes&quot;,&quot;speed&quot;:500,&quot;image_spacing_custom_tablet&quot;:{&quot;unit&quot;:&quot;px&quot;,&quot;size&quot;:&quot;&quot;,&quot;sizes&quot;:[]},&quot;image_spacing_custom_mobile&quot;:{&quot;unit&quot;:&quot;px&quot;,&quot;size&quot;:&quot;&quot;,&quot;sizes&quot;:[]}}\" data-widget_type=\"image-carousel.default\">\n\t\t\t\t<div class=\"elementor-widget-container\">\n\t\t\t\t\t\t\t<div class=\"elementor-image-carousel-wrapper swiper\" role=\"region\" aria-roledescription=\"carousel\" aria-label=\"Bild Karussell\" dir=\"ltr\">\n\t\t\t<div class=\"elementor-image-carousel swiper-wrapper\" aria-live=\"off\">\n\t\t\t\t\t\t\t\t<div class=\"swiper-slide\" role=\"group\" aria-roledescription=\"slide\" aria-label=\"1 von 2\"><figure class=\"swiper-slide-inner\"><img decoding=\"async\" class=\"swiper-slide-image\" src=\"https:\/\/www.loiseliere.com\/wp-content\/uploads\/2025\/02\/domaine-camping-campagne-vue-soleil-douceur-vegetation-potager-maraichage-largeur-1100.jpg\" alt=\"RSE\" \/><\/figure><\/div><div class=\"swiper-slide\" role=\"group\" aria-roledescription=\"slide\" aria-label=\"2 von 2\"><figure class=\"swiper-slide-inner\"><img decoding=\"async\" class=\"swiper-slide-image\" src=\"https:\/\/www.loiseliere.com\/wp-content\/uploads\/2025\/02\/camping-vendee-domaine-bienvenue-accueil-professionnel-seminaire-largeur-1100.jpg\" alt=\"Oiseli\u00e8re\" \/><\/figure><\/div>\t\t\t<\/div>\n\t\t\t\t\t\t\t\t\t\t\t\t<div class=\"elementor-swiper-button elementor-swiper-button-prev\" role=\"button\" tabindex=\"0\">\n\t\t\t\t\t\t<i aria-hidden=\"true\" class=\"eicon-chevron-left\"><\/i>\t\t\t\t\t<\/div>\n\t\t\t\t\t<div class=\"elementor-swiper-button elementor-swiper-button-next\" role=\"button\" tabindex=\"0\">\n\t\t\t\t\t\t<i aria-hidden=\"true\" class=\"eicon-chevron-right\"><\/i>\t\t\t\t\t<\/div>\n\t\t\t\t\n\t\t\t\t\t\t\t\t\t<\/div>\n\t\t\t\t\t\t<\/div>\n\t\t\t\t<\/div>\n\t\t\t\t\t<\/div>\n\t\t<\/div>\n\t\t\t\t\t<\/div>\n\t\t<\/section>\n\t\t\t\t<section class=\"elementor-section elementor-top-section elementor-element elementor-element-7cdd3936 elementor-section-height-min-height elementor-section-stretched elementor-section-boxed elementor-section-height-default elementor-section-items-middle qodef-elementor-content-no\" data-id=\"7cdd3936\" data-element_type=\"section\" data-settings=\"{&quot;stretch_section&quot;:&quot;section-stretched&quot;,&quot;background_background&quot;:&quot;classic&quot;}\">\n\t\t\t\t\t\t\t<div class=\"elementor-background-overlay\"><\/div>\n\t\t\t\t\t\t\t<div class=\"elementor-container elementor-column-gap-wide\">\n\t\t\t\t\t<div class=\"elementor-column elementor-col-100 elementor-top-column elementor-element elementor-element-383d80b6\" data-id=\"383d80b6\" data-element_type=\"column\">\n\t\t\t<div class=\"elementor-widget-wrap elementor-element-populated\">\n\t\t\t\t\t\t<div class=\"elementor-element elementor-element-7c4b0294 elementor-widget elementor-widget-text-editor\" data-id=\"7c4b0294\" data-element_type=\"widget\" data-widget_type=\"text-editor.default\">\n\t\t\t\t<div class=\"elementor-widget-container\">\n\t\t\t\t\t\t\t\t\t<h1 style=\"text-align: center;\">Konzept und Entwicklung<\/h1>\t\t\t\t\t\t\t\t<\/div>\n\t\t\t\t<\/div>\n\t\t\t\t<div class=\"elementor-element elementor-element-457bcbcc elementor-widget elementor-widget-text-editor\" data-id=\"457bcbcc\" data-element_type=\"widget\" data-widget_type=\"text-editor.default\">\n\t\t\t\t<div class=\"elementor-widget-container\">\n\t\t\t\t\t\t\t\t\t<h2 style=\"text-align: center;\">\u00d6kologie als Leitgrundsatz f\u00fcr unser Konzept<\/h2>\t\t\t\t\t\t\t\t<\/div>\n\t\t\t\t<\/div>\n\t\t\t\t<div class=\"elementor-element elementor-element-4e375cd9 elementor-widget elementor-widget-text-editor\" data-id=\"4e375cd9\" data-element_type=\"widget\" data-widget_type=\"text-editor.default\">\n\t\t\t\t<div class=\"elementor-widget-container\">\n\t\t\t\t\t\t\t\t\t<p>Sie suchen eine Unterkunft mit \u00fcberschaubarer Gr\u00f6\u00dfe, um einen naturfreundlichen Aufenthalt im Tal der Vend\u00e9e zu verbringen? Sie m\u00f6chten mit Ihrer Familie oder Ihren Mitarbeitern \u00d6ko-Tourismus machen ?<\/p>\t\t\t\t\t\t\t\t<\/div>\n\t\t\t\t<\/div>\n\t\t\t\t<div class=\"elementor-element elementor-element-5d00a1e8 elementor-widget-tablet__width-initial elementor-absolute elementor-widget elementor-widget-image\" data-id=\"5d00a1e8\" data-element_type=\"widget\" data-settings=\"{&quot;_position&quot;:&quot;absolute&quot;}\" data-widget_type=\"image.default\">\n\t\t\t\t<div class=\"elementor-widget-container\">\n\t\t\t\t\t\t\t\t\t\t\t\t\t\t\t<img fetchpriority=\"high\" decoding=\"async\" width=\"357\" height=\"433\" src=\"https:\/\/www.loiseliere.com\/wp-content\/uploads\/2020\/03\/feuilles-domaine-oiseliere.png\" class=\"attachment-full size-full wp-image-4838\" alt=\"Feuilles domaine de l&#039;Oiseli\u00e8re\" srcset=\"https:\/\/www.loiseliere.com\/wp-content\/uploads\/2020\/03\/feuilles-domaine-oiseliere.png 357w, https:\/\/www.loiseliere.com\/wp-content\/uploads\/2020\/03\/feuilles-domaine-oiseliere-247x300.png 247w\" sizes=\"(max-width: 357px) 100vw, 357px\" \/>\t\t\t\t\t\t\t\t\t\t\t\t\t\t\t<\/div>\n\t\t\t\t<\/div>\n\t\t\t\t\t<\/div>\n\t\t<\/div>\n\t\t\t\t\t<\/div>\n\t\t<\/section>\n\t\t\t\t<section class=\"elementor-section elementor-top-section elementor-element elementor-element-bcc495f elementor-section-full_width intro-single-blog elementor-section-height-default elementor-section-height-default qodef-elementor-content-no\" data-id=\"bcc495f\" data-element_type=\"section\" data-settings=\"{&quot;background_background&quot;:&quot;classic&quot;}\">\n\t\t\t\t\t\t<div class=\"elementor-container elementor-column-gap-no\">\n\t\t\t\t\t<div class=\"elementor-column elementor-col-16 elementor-top-column elementor-element elementor-element-415be100\" data-id=\"415be100\" data-element_type=\"column\">\n\t\t\t<div class=\"elementor-widget-wrap\">\n\t\t\t\t\t\t\t<\/div>\n\t\t<\/div>\n\t\t\t\t<div class=\"elementor-column elementor-col-16 elementor-top-column elementor-element elementor-element-791b6095\" data-id=\"791b6095\" data-element_type=\"column\">\n\t\t\t<div class=\"elementor-widget-wrap elementor-element-populated\">\n\t\t\t\t\t\t<div class=\"elementor-element elementor-element-51810ffd elementor-widget elementor-widget-alloggio_core_dropcaps\" data-id=\"51810ffd\" data-element_type=\"widget\" data-widget_type=\"alloggio_core_dropcaps.default\">\n\t\t\t\t<div class=\"elementor-widget-container\">\n\t\t\t\t\t<div class=\"qodef-shortcode qodef-m  qodef-dropcaps qodef-type--simple\">\n\t<span class=\"qodef-m-letter\" >U<\/span>\n\t\t\t<p class=\"qodef-m-text\" >nser Campingplatz Domaine de l\u2019Oiseli\u00e8re ist der ideale Ort daf\u00fcr ! Unser Ziel seit der Gr\u00fcndung im Jahr 2015 ist es, Sie in einer gesch\u00fctzten nat\u00fcrlichen Umgebung zu empfangen. Wir bauen unsere Einrichtungen mit einer Mehrheit aus nachhaltigen Materialien wie Kastanien- oder Douglasienholz... Wir \u00fcberwachen unseren Wasser- und Stromverbrauch und versuchen, ihn zu reduzieren. Im Restaurant genie\u00dfen Sie gute K\u00fcche mit \u00fcberwiegend lokalen und biologischen Produkten, die von unseren   Bio-Bauern,  stammen...<\/p>\n\t<\/div>\t\t\t\t<\/div>\n\t\t\t\t<\/div>\n\t\t\t\t\t<\/div>\n\t\t<\/div>\n\t\t\t\t<div class=\"elementor-column elementor-col-66 elementor-top-column elementor-element elementor-element-561cbe9f\" data-id=\"561cbe9f\" data-element_type=\"column\">\n\t\t\t<div class=\"elementor-widget-wrap\">\n\t\t\t\t\t\t\t<\/div>\n\t\t<\/div>\n\t\t\t\t\t<\/div>\n\t\t<\/section>\n\t\t\t\t<section class=\"elementor-section elementor-top-section elementor-element elementor-element-64ee206a elementor-section-full_width elementor-section-height-default elementor-section-height-default qodef-elementor-content-no\" data-id=\"64ee206a\" data-element_type=\"section\">\n\t\t\t\t\t\t<div class=\"elementor-container elementor-column-gap-default\">\n\t\t\t\t\t<div class=\"elementor-column elementor-col-100 elementor-top-column elementor-element elementor-element-58422a0\" data-id=\"58422a0\" data-element_type=\"column\">\n\t\t\t<div class=\"elementor-widget-wrap elementor-element-populated\">\n\t\t\t\t\t\t<section class=\"elementor-section elementor-inner-section elementor-element elementor-element-1bc62d69 elementor-section-boxed elementor-section-height-default elementor-section-height-default qodef-elementor-content-no\" data-id=\"1bc62d69\" data-element_type=\"section\" data-settings=\"{&quot;background_background&quot;:&quot;classic&quot;}\">\n\t\t\t\t\t\t\t<div class=\"elementor-background-overlay\"><\/div>\n\t\t\t\t\t\t\t<div class=\"elementor-container elementor-column-gap-default\">\n\t\t\t\t\t<div class=\"elementor-column elementor-col-100 elementor-inner-column elementor-element elementor-element-3cfcc2e6\" data-id=\"3cfcc2e6\" data-element_type=\"column\">\n\t\t\t<div class=\"elementor-widget-wrap elementor-element-populated\">\n\t\t\t\t\t\t<div class=\"elementor-element elementor-element-51a4a08e elementor-widget elementor-widget-text-editor\" data-id=\"51a4a08e\" data-element_type=\"widget\" data-widget_type=\"text-editor.default\">\n\t\t\t\t<div class=\"elementor-widget-container\">\n\t\t\t\t\t\t\t\t\t<h3 style=\"text-align: center;\">Erhaltene, nat\u00fcrliche Umwelt<\/h3><p>Die Qualit\u00e4t der nat\u00fcrlichen Umgebung der DOMAINE DE L\u2019OISELIERE ist ein gro\u00dfer Teil des Konzepts. Diese au\u00dfergew\u00f6hnliche Gegend auf dem Land, am Rande des Grasla-Waldes und mit hundertj\u00e4hrigen Eichen, ist eine gute Grundlage, um sich zu erholen, vom Alltag abzuschalten und die frische Luft zu genie\u00dfen. <br \/>Es ist auch das, was zum &#8222;Sch\u00f6nen&#8220; beitr\u00e4gt und es erm\u00f6glicht, das Verh\u00e4ltnis zur Natur und das Umweltbewusstsein zu verst\u00e4rken.<\/p><p>Um eine Landschaftsgestaltung zu schaffen, die die Landschaft aufwertet, wurde Erwan Dessberg, Landschaftsarchitekt und Gr\u00fcnder von \u00ab Jardin d&#8217;art home \u00bb, auf dem Campingplatz t\u00e4tig. Dank seines Fachwissens entwarf Erwan die Pl\u00e4ne f\u00fcr unsere Struktur- und Landschaftsgestaltung, wobei er die gro\u00dfen Gr\u00fcnfl\u00e4chen beibehielt und die Beplanzung \u00fcber mehrere Jahre hinweg plante.<\/p><p>Heute k\u00f6nnen wir dank dieser Gr\u00fcndungsschritte grossz\u00fcgig aufgeteilte Unterkunftsd\u00f6rfer, Parzellen von mindestens 200 m\u00b2 Platz zwischen den <br \/>Unterk\u00fcnften anbieten, damit unsere G\u00e4ste z. B. nicht durch L\u00e4rm bel\u00e4stigt werden &#8230;<\/p><p>Hier k\u00f6nnen Sie sich den Plan des Campingplatzes herunterladen.<\/p>\t\t\t\t\t\t\t\t<\/div>\n\t\t\t\t<\/div>\n\t\t\t\t\t<\/div>\n\t\t<\/div>\n\t\t\t\t\t<\/div>\n\t\t<\/section>\n\t\t\t\t<div class=\"elementor-element elementor-element-f108755 elementor-absolute elementor-widget-tablet__width-initial elementor-hidden-mobile elementor-widget elementor-widget-image\" data-id=\"f108755\" data-element_type=\"widget\" data-settings=\"{&quot;_position&quot;:&quot;absolute&quot;}\" data-widget_type=\"image.default\">\n\t\t\t\t<div class=\"elementor-widget-container\">\n\t\t\t\t\t\t\t\t\t\t\t\t\t\t\t<img decoding=\"async\" width=\"339\" height=\"286\" src=\"https:\/\/www.loiseliere.com\/wp-content\/uploads\/2020\/03\/fleurs-logo-oiseliere.png\" class=\"attachment-full size-full wp-image-4858\" alt=\"Fleur du logo de l&#039;Oiseli\u00e8re\" srcset=\"https:\/\/www.loiseliere.com\/wp-content\/uploads\/2020\/03\/fleurs-logo-oiseliere.png 339w, https:\/\/www.loiseliere.com\/wp-content\/uploads\/2020\/03\/fleurs-logo-oiseliere-300x253.png 300w\" sizes=\"(max-width: 339px) 100vw, 339px\" \/>\t\t\t\t\t\t\t\t\t\t\t\t\t\t\t<\/div>\n\t\t\t\t<\/div>\n\t\t\t\t<div class=\"elementor-element elementor-element-42432c27 elementor-widget elementor-widget-qi_addons_for_elementor_image_gallery\" data-id=\"42432c27\" data-element_type=\"widget\" data-widget_type=\"qi_addons_for_elementor_image_gallery.default\">\n\t\t\t\t<div class=\"elementor-widget-container\">\n\t\t\t\t\t<div class=\"qodef-shortcode qodef-m qodef-qi-image-gallery qodef-qi-fslightbox-popup qodef-popup-gallery qodef-image--hover-zoom qodef-qi-grid qodef-layout--qi-columns qodef-col-num--3 qodef-responsive--custom qodef-col-num--1680--3 qodef-col-num--1440--3 qodef-col-num--1366--3 qodef-col-num--1024--3 qodef-col-num--768--3 qodef-col-num--680--3 qodef-col-num--480--1\">\n\t<div class=\"qodef-grid-inner\">\n\t\t<div class=\"qodef-e qodef-image-wrapper qodef-grid-item\">\n\t<div class=\"qodef-e-inner\">\n\t\t\t\t\t<a class=\"qodef-popup-item\" itemprop=\"image\" href=\"https:\/\/www.loiseliere.com\/wp-content\/uploads\/2023\/03\/grands-esapces-herbes-plaine-768-1000.jpg\" data-type=\"image\" data-fslightbox=\"gallery-270\">\n\t\t\t\t\t<img decoding=\"async\" width=\"768\" height=\"1000\" src=\"https:\/\/www.loiseliere.com\/wp-content\/uploads\/2023\/03\/grands-esapces-herbes-plaine-768-1000.jpg\" class=\"attachment-full size-full\" alt=\"vue sur halle plaine et terrasse fleurie\" srcset=\"https:\/\/www.loiseliere.com\/wp-content\/uploads\/2023\/03\/grands-esapces-herbes-plaine-768-1000.jpg 768w, https:\/\/www.loiseliere.com\/wp-content\/uploads\/2023\/03\/grands-esapces-herbes-plaine-768-1000-230x300.jpg 230w\" sizes=\"(max-width: 768px) 100vw, 768px\" \/>\t\t\t\t\t<\/a>\n\t\t\t<\/div>\n<\/div>\n<div class=\"qodef-e qodef-image-wrapper qodef-grid-item\">\n\t<div class=\"qodef-e-inner\">\n\t\t\t\t\t<a class=\"qodef-popup-item\" itemprop=\"image\" href=\"https:\/\/www.loiseliere.com\/wp-content\/uploads\/2023\/03\/espace-camping-concept-plaine-768-1000.jpg\" data-type=\"image\" data-fslightbox=\"gallery-270\">\n\t\t\t\t\t<img loading=\"lazy\" decoding=\"async\" width=\"768\" height=\"1001\" src=\"https:\/\/www.loiseliere.com\/wp-content\/uploads\/2023\/03\/espace-camping-concept-plaine-768-1000.jpg\" class=\"attachment-full size-full\" alt=\"jeu badminton plaine m\u00e8re et fils soleil couchant\" srcset=\"https:\/\/www.loiseliere.com\/wp-content\/uploads\/2023\/03\/espace-camping-concept-plaine-768-1000.jpg 768w, https:\/\/www.loiseliere.com\/wp-content\/uploads\/2023\/03\/espace-camping-concept-plaine-768-1000-230x300.jpg 230w\" sizes=\"(max-width: 768px) 100vw, 768px\" \/>\t\t\t\t\t<\/a>\n\t\t\t<\/div>\n<\/div>\n<div class=\"qodef-e qodef-image-wrapper qodef-grid-item\">\n\t<div class=\"qodef-e-inner\">\n\t\t\t\t\t<a class=\"qodef-popup-item\" itemprop=\"image\" href=\"https:\/\/www.loiseliere.com\/wp-content\/uploads\/2023\/03\/cadre-naturel-camping-oiseliere-concept-768-1000.jpg\" data-type=\"image\" data-fslightbox=\"gallery-270\">\n\t\t\t\t\t<img loading=\"lazy\" decoding=\"async\" width=\"768\" height=\"1001\" src=\"https:\/\/www.loiseliere.com\/wp-content\/uploads\/2023\/03\/cadre-naturel-camping-oiseliere-concept-768-1000.jpg\" class=\"attachment-full size-full\" alt=\"abeilles butinent fleurs violettes domaine\" srcset=\"https:\/\/www.loiseliere.com\/wp-content\/uploads\/2023\/03\/cadre-naturel-camping-oiseliere-concept-768-1000.jpg 768w, https:\/\/www.loiseliere.com\/wp-content\/uploads\/2023\/03\/cadre-naturel-camping-oiseliere-concept-768-1000-230x300.jpg 230w\" sizes=\"(max-width: 768px) 100vw, 768px\" \/>\t\t\t\t\t<\/a>\n\t\t\t<\/div>\n<\/div>\n\t<\/div>\n<\/div>\n\t\t\t\t<\/div>\n\t\t\t\t<\/div>\n\t\t\t\t<div class=\"elementor-element elementor-element-592e9db elementor-widget elementor-widget-text-editor\" data-id=\"592e9db\" data-element_type=\"widget\" data-widget_type=\"text-editor.default\">\n\t\t\t\t<div class=\"elementor-widget-container\">\n\t\t\t\t\t\t\t\t\t<h3 style=\"text-align: center;\">Biologische und lokale Restauration<\/h3><p style=\"text-align: center;\">Im Restaurant kommt es vor allem auf eine gesunde K\u00fcche mit \u00fcberwiegend lokalen und biologischen Produkten an , die aus einem lokalen Netzwerk von unseren hiesigen Partnern stammen. Wir haben uns entschieden, keine Snacks anzubieten, um unsere starke Positionierung zu zeigen.<\/p><p style=\"text-align: center;\">Das Fr\u00fchst\u00fcck wird das ganze Jahr \u00fcber angeboten und in Ihre Unterkunft geliefert. Es besteht aus Brot und Geb\u00e4ck vom B\u00e4cker, frischem Bio-Obst sowie kalten und warmen Getr\u00e4nken. Bei den Beh\u00e4ltern wurde darauf geachtet, dass sie wiederverwendet werden k\u00f6nnen, um den Abfall zu begrenzen.<\/p><p style=\"text-align: center;\">Bei Seminaren arbeiten wir mit umweltbewussten Catering-Partnern zusammen, die darauf bedacht sind, ein frisches, biologisches und lokales Angebot anzubieten.<\/p>\t\t\t\t\t\t\t\t<\/div>\n\t\t\t\t<\/div>\n\t\t\t\t\t<\/div>\n\t\t<\/div>\n\t\t\t\t\t<\/div>\n\t\t<\/section>\n\t\t\t\t<section class=\"elementor-section elementor-top-section elementor-element elementor-element-350b2292 elementor-section-full_width elementor-section-height-default elementor-section-height-default qodef-elementor-content-no\" data-id=\"350b2292\" data-element_type=\"section\">\n\t\t\t\t\t\t<div class=\"elementor-container elementor-column-gap-no\">\n\t\t\t\t\t<div class=\"elementor-column elementor-col-33 elementor-top-column elementor-element elementor-element-3890db2d\" data-id=\"3890db2d\" data-element_type=\"column\" data-settings=\"{&quot;background_background&quot;:&quot;classic&quot;}\">\n\t\t\t<div class=\"elementor-widget-wrap elementor-element-populated\">\n\t\t\t\t\t\t<div class=\"elementor-element elementor-element-71d97a0b elementor-widget elementor-widget-alloggio_core_banner\" data-id=\"71d97a0b\" data-element_type=\"widget\" data-widget_type=\"alloggio_core_banner.default\">\n\t\t\t\t<div class=\"elementor-widget-container\">\n\t\t\t\t\t<div class=\"qodef-shortcode qodef-m  qodef-banner qodef-layout--link-overlay  \">\n\t<div class=\"qodef-m-image\">\n\t<img loading=\"lazy\" decoding=\"async\" width=\"768\" height=\"982\" src=\"https:\/\/www.loiseliere.com\/wp-content\/uploads\/2023\/03\/soins-animaux-concept-domaine-768-982.jpg\" class=\"attachment-full size-full\" alt=\"soigneuse avec mouton soins animaux\" srcset=\"https:\/\/www.loiseliere.com\/wp-content\/uploads\/2023\/03\/soins-animaux-concept-domaine-768-982.jpg 768w, https:\/\/www.loiseliere.com\/wp-content\/uploads\/2023\/03\/soins-animaux-concept-domaine-768-982-235x300.jpg 235w\" sizes=\"(max-width: 768px) 100vw, 768px\" \/>\t<a itemprop=\"url\" href=\"#\" class=\"qodef-m-banner-link\" target=\"_self\"><\/a>\n<\/div>\t<div class=\"qodef-m-content\">\n\t\t<div class=\"qodef-m-content-inner\" style=\"padding: 50px 42px 42px 26px\">\n\t\t\t<div class=\"qodef-m-content-inner-background\" style=\"background-color: #F6F3EA\"><\/div>\n\t\t\t<div class=\"qodef-m-content-inner-holder\">\n\t\t\t\t\t\t\t\t\t\t\t\t\t\t\t\t<a itemprop=\"url\" href=\"#\" class=\"qodef-m-banner-link\" target=\"_self\"><\/a>\n\t\t\t<\/div>\n\t\t\t<a itemprop=\"url\" href=\"#\" class=\"qodef-m-banner-link\" target=\"_self\"><\/a>\n\t\t<\/div>\n\t<\/div>\n<\/div>\n\t\t\t\t<\/div>\n\t\t\t\t<\/div>\n\t\t\t\t\t<\/div>\n\t\t<\/div>\n\t\t\t\t<div class=\"elementor-column elementor-col-66 elementor-top-column elementor-element elementor-element-3c197c2f\" data-id=\"3c197c2f\" data-element_type=\"column\" data-settings=\"{&quot;background_background&quot;:&quot;classic&quot;}\">\n\t\t\t<div class=\"elementor-widget-wrap elementor-element-populated\">\n\t\t\t\t\t\t<div class=\"elementor-element elementor-element-42866dd7 elementor-widget elementor-widget-text-editor\" data-id=\"42866dd7\" data-element_type=\"widget\" data-widget_type=\"text-editor.default\">\n\t\t\t\t<div class=\"elementor-widget-container\">\n\t\t\t\t\t\t\t\t\t<h3>Nachhaltige Bewirtschaftung des Gel\u00e4ndes<\/h3><p>Abfallbegrenzung, Auswahl der Materialien, Verbrauchsverfolgung und Verringerung des Wasser- und Energieverbrauchs, Vertrag f\u00fcr \u00d6kostrom, Reduzierung von Chemikalien auf ein absolutes Minimum &#8230; Die Liste unserer Ma\u00dfnahmen f\u00fcr eine nachhaltigere Verwaltung finden Sie hier.<\/p><h3>Erziehung zur Umwelt<\/h3><p>Die Umwelterziehung ist ein integraler Bestandteil des Konzepts, das wir in Domaine de l&#8217;Oiseli\u00e8re entwickelt haben. Das kann man auf verschiedene Weise erkl\u00e4ren :<\/p><ul><li>Zugang zum Mini-Bauernhof \/ M\u00f6glichkeit die Tiere zu pflegen<\/li><li>Beobachtungsaktivit\u00e4ten : Herbarium.<\/li><li>Spielerische und p\u00e4dagogische Spiele rund um die Natur: Geocaching, Schatzsuche, Schnitzeljagd.<\/li><li>B\u00fccher \u00fcber die Natur die in der Bibliothek zur Verf\u00fcgung gestellt werden<\/li><li>Mitmach-Gem\u00fcsegarten &#8230;<\/li><\/ul>\t\t\t\t\t\t\t\t<\/div>\n\t\t\t\t<\/div>\n\t\t\t\t\t<\/div>\n\t\t<\/div>\n\t\t\t\t\t<\/div>\n\t\t<\/section>\n\t\t\t\t<section class=\"elementor-section elementor-top-section elementor-element elementor-element-52e1d7d6 elementor-section-full_width qodef-elementor-content-grid elementor-section-height-default elementor-section-height-default\" data-id=\"52e1d7d6\" data-element_type=\"section\">\n\t\t\t\t\t\t<div class=\"elementor-container elementor-column-gap-no\">\n\t\t\t\t\t<div class=\"elementor-column elementor-col-33 elementor-top-column elementor-element elementor-element-62d8f829\" data-id=\"62d8f829\" data-element_type=\"column\">\n\t\t\t<div class=\"elementor-widget-wrap elementor-element-populated\">\n\t\t\t\t\t\t<div class=\"elementor-element elementor-element-356bdc45 elementor-widget elementor-widget-text-editor\" data-id=\"356bdc45\" data-element_type=\"widget\" data-widget_type=\"text-editor.default\">\n\t\t\t\t<div class=\"elementor-widget-container\">\n\t\t\t\t\t\t\t\t\t<h2 style=\"text-align: center;\">Das Sch\u00f6ne<\/h2>\t\t\t\t\t\t\t\t<\/div>\n\t\t\t\t<\/div>\n\t\t\t\t\t<\/div>\n\t\t<\/div>\n\t\t\t\t<div class=\"elementor-column elementor-col-66 elementor-top-column elementor-element elementor-element-208ef10a\" data-id=\"208ef10a\" data-element_type=\"column\">\n\t\t\t<div class=\"elementor-widget-wrap elementor-element-populated\">\n\t\t\t\t\t\t<div class=\"elementor-element elementor-element-2b77a635 elementor-widget elementor-widget-wp-widget-alloggio_core_custom_font\" data-id=\"2b77a635\" data-element_type=\"widget\" data-widget_type=\"wp-widget-alloggio_core_custom_font.default\">\n\t\t\t\t<div class=\"elementor-widget-container\">\n\t\t\t\t\t<h3 class=\"qodef-shortcode qodef-m  qodef-custom-font qodef-custom-font-1 qodef-layout--simple\" style=\"font-size: 21px;line-height: 34px\">Charme der Geb\u00e4ude und integrierte Landschaftsgestaltung<\/h3>\t\t\t\t<\/div>\n\t\t\t\t<\/div>\n\t\t\t\t<div class=\"elementor-element elementor-element-65f66c4c elementor-widget elementor-widget-text-editor\" data-id=\"65f66c4c\" data-element_type=\"widget\" data-widget_type=\"text-editor.default\">\n\t\t\t\t<div class=\"elementor-widget-container\">\n\t\t\t\t\t\t\t\t\t<p>Die bestehenden Geb\u00e4ude tragen zur \u00c4sthetik und zum allgemeinen Charme des Ortes bei. Sie sind auch ein Mittel, um eine lokale Verankerung mit einer regionaltypischen Architektur zu bekr\u00e4ftigen<\/p><p>Das Sch\u00f6ne findet sich auch in der Landschaftsgestaltung wieder, die urspr\u00fcnglich vom Landschaftsarchitekten erdacht wurde, um den Gesamtzusammenhang zu gew\u00e4hrleisten. Ziel ist es, die Natur zu sublimieren, indem kontrollierte Wildnisgebiete belassen werden und gleichzeitig Komfort und Zweckm\u00e4\u00dfigkeit miteinander verbunden werden. Die Campingpl\u00e4tze sind durch Vegetation und nicht durch gestutzte Hecken abgegrenzt, um der Erfahrung, die man in der freien Natur machen kann, n\u00e4her zu kommen.<\/p><p>Die visuelle Gesamtheit des Standorts wird nicht durch zu starke Linien beeintr\u00e4chtigt.<\/p>\t\t\t\t\t\t\t\t<\/div>\n\t\t\t\t<\/div>\n\t\t\t\t<div class=\"elementor-element elementor-element-e0fc0c9 elementor-widget elementor-widget-wp-widget-alloggio_core_custom_font\" data-id=\"e0fc0c9\" data-element_type=\"widget\" data-widget_type=\"wp-widget-alloggio_core_custom_font.default\">\n\t\t\t\t<div class=\"elementor-widget-container\">\n\t\t\t\t\t<h3 class=\"qodef-shortcode qodef-m  qodef-custom-font qodef-custom-font-2 qodef-layout--simple\" style=\"font-size: 21px;line-height: 34px\">Dekoration<\/h3>\t\t\t\t<\/div>\n\t\t\t\t<\/div>\n\t\t\t\t<div class=\"elementor-element elementor-element-755811f elementor-widget elementor-widget-text-editor\" data-id=\"755811f\" data-element_type=\"widget\" data-widget_type=\"text-editor.default\">\n\t\t\t\t<div class=\"elementor-widget-container\">\n\t\t\t\t\t\t\t\t\t<p>Die Dekoration der Unterk\u00fcnfte und der Gemeinschaftsr\u00e4ume wurde nach langer und tiefer \u00dcberlegung realisiert. Wir wollten gem\u00fctliche, gesellige und komfortable R\u00e4ume anbieten, in denen man sich wohlf\u00fchlt.<\/p><p>Das ist es, was uns von herk\u00f6mmlichen Campingpl\u00e4tzen unterscheidet. Hier wollten wir unsere G\u00e4ste wie in G\u00e4stezimmern empfangen.<\/p>\t\t\t\t\t\t\t\t<\/div>\n\t\t\t\t<\/div>\n\t\t\t\t\t<\/div>\n\t\t<\/div>\n\t\t\t\t\t<\/div>\n\t\t<\/section>\n\t\t\t\t<section class=\"elementor-section elementor-top-section elementor-element elementor-element-ca3bdb3 elementor-section-boxed elementor-section-height-default elementor-section-height-default qodef-elementor-content-no\" data-id=\"ca3bdb3\" data-element_type=\"section\">\n\t\t\t\t\t\t<div class=\"elementor-container elementor-column-gap-default\">\n\t\t\t\t\t<div class=\"elementor-column elementor-col-50 elementor-top-column elementor-element elementor-element-6dd9f46d\" data-id=\"6dd9f46d\" data-element_type=\"column\">\n\t\t\t<div class=\"elementor-widget-wrap elementor-element-populated\">\n\t\t\t\t\t\t<div class=\"elementor-element elementor-element-51e9e310 elementor-widget elementor-widget-alloggio_core_image_with_text\" data-id=\"51e9e310\" data-element_type=\"widget\" data-widget_type=\"alloggio_core_image_with_text.default\">\n\t\t\t\t<div class=\"elementor-widget-container\">\n\t\t\t\t\t<div class=\"qodef-shortcode qodef-m  qodef-image-with-text qodef-layout--split-text-below  \">\n\t<div class=\"qodef-m-image\">\n\t\t\t\t\t\t\t\t\t<img loading=\"lazy\" decoding=\"async\" width=\"768\" height=\"1000\" src=\"https:\/\/www.loiseliere.com\/wp-content\/uploads\/2023\/03\/deco-domaine-haut-de-gamme-beau-768-1000.jpg\" class=\"qodef-e-main-image\" alt=\"porte manteau beau porte donnant sur chambre parentale\" srcset=\"https:\/\/www.loiseliere.com\/wp-content\/uploads\/2023\/03\/deco-domaine-haut-de-gamme-beau-768-1000.jpg 768w, https:\/\/www.loiseliere.com\/wp-content\/uploads\/2023\/03\/deco-domaine-haut-de-gamme-beau-768-1000-230x300.jpg 230w\" sizes=\"(max-width: 768px) 100vw, 768px\" \/>\t\t\t\t\t\t\t\t\t<\/div>\t<div class=\"qodef-m-content\">\n\t\t\t\t\t<\/div>\n<\/div>\t\t\t\t<\/div>\n\t\t\t\t<\/div>\n\t\t\t\t\t<\/div>\n\t\t<\/div>\n\t\t\t\t<div class=\"elementor-column elementor-col-50 elementor-top-column elementor-element elementor-element-436a2a69\" data-id=\"436a2a69\" data-element_type=\"column\">\n\t\t\t<div class=\"elementor-widget-wrap elementor-element-populated\">\n\t\t\t\t\t\t<div class=\"elementor-element elementor-element-21d6b169 elementor-widget elementor-widget-alloggio_core_image_with_text\" data-id=\"21d6b169\" data-element_type=\"widget\" data-widget_type=\"alloggio_core_image_with_text.default\">\n\t\t\t\t<div class=\"elementor-widget-container\">\n\t\t\t\t\t<div class=\"qodef-shortcode qodef-m  qodef-image-with-text qodef-layout--split-text-below  \">\n\t<div class=\"qodef-m-image\">\n\t\t\t\t\t\t\t\t\t<img loading=\"lazy\" decoding=\"async\" width=\"768\" height=\"1000\" src=\"https:\/\/www.loiseliere.com\/wp-content\/uploads\/2023\/03\/beau-decoration-soignee-enfant-768-1000.jpg\" class=\"qodef-e-main-image\" alt=\"petit tabouret d\u00e9coration chambre enfant cottage\" srcset=\"https:\/\/www.loiseliere.com\/wp-content\/uploads\/2023\/03\/beau-decoration-soignee-enfant-768-1000.jpg 768w, https:\/\/www.loiseliere.com\/wp-content\/uploads\/2023\/03\/beau-decoration-soignee-enfant-768-1000-230x300.jpg 230w\" sizes=\"(max-width: 768px) 100vw, 768px\" \/>\t\t\t\t\t\t\t\t\t<\/div>\t<div class=\"qodef-m-content\">\n\t\t\t\t\t<\/div>\n<\/div>\t\t\t\t<\/div>\n\t\t\t\t<\/div>\n\t\t\t\t\t<\/div>\n\t\t<\/div>\n\t\t\t\t\t<\/div>\n\t\t<\/section>\n\t\t\t\t<section class=\"elementor-section elementor-top-section elementor-element elementor-element-50f3e87c vert elementor-section-boxed elementor-section-height-default elementor-section-height-default qodef-elementor-content-no\" data-id=\"50f3e87c\" data-element_type=\"section\">\n\t\t\t\t\t\t<div class=\"elementor-container elementor-column-gap-default\">\n\t\t\t\t\t<div class=\"elementor-column elementor-col-100 elementor-top-column elementor-element elementor-element-69a9bbec\" data-id=\"69a9bbec\" data-element_type=\"column\">\n\t\t\t<div class=\"elementor-widget-wrap elementor-element-populated\">\n\t\t\t\t\t\t<div class=\"elementor-element elementor-element-137eb809 elementor-widget elementor-widget-text-editor\" data-id=\"137eb809\" data-element_type=\"widget\" data-widget_type=\"text-editor.default\">\n\t\t\t\t<div class=\"elementor-widget-container\">\n\t\t\t\t\t\t\t\t\t<h2 style=\"text-align: center;\">Die Innovation<\/h2><blockquote><p>Sie tr\u00e4umten von einem Glamping-Urlaub in der Vend\u00e9e ? In der Domaine de l\u2019Oiseli\u00e8re werden Sie mit Freude erf\u00fcllt. Die Entwicklung eines innovativen Campingkonzepts ist das Ziel, das wir seit etwas mehr als 8 Jahren mit unserem Team verfolgen.<\/p><\/blockquote>\t\t\t\t\t\t\t\t<\/div>\n\t\t\t\t<\/div>\n\t\t\t\t<section class=\"elementor-section elementor-inner-section elementor-element elementor-element-7ef1551d elementor-section-boxed elementor-section-height-default elementor-section-height-default qodef-elementor-content-no\" data-id=\"7ef1551d\" data-element_type=\"section\">\n\t\t\t\t\t\t<div class=\"elementor-container elementor-column-gap-default\">\n\t\t\t\t\t<div class=\"elementor-column elementor-col-66 elementor-inner-column elementor-element elementor-element-18ea320d\" data-id=\"18ea320d\" data-element_type=\"column\">\n\t\t\t<div class=\"elementor-widget-wrap elementor-element-populated\">\n\t\t\t\t\t\t<div class=\"elementor-element elementor-element-29d5d150 elementor-widget elementor-widget-text-editor\" data-id=\"29d5d150\" data-element_type=\"widget\" data-widget_type=\"text-editor.default\">\n\t\t\t\t<div class=\"elementor-widget-container\">\n\t\t\t\t\t\t\t\t\t<h3>Ein innovatives Campingkonzept &#8230; viel mehr als nur ein Campingplatz!<\/h3><p>Eines der Ziele unseres Teams ist es, dass der Gast nach seinem Aufenthalt auf dem Campingplatz ein wenig ver\u00e4ndert nach Hause geht ! Es besteht der Wille, zu sensibilisieren, die Mentalit\u00e4t zu \u00e4ndern, und das geschieht durch eine partizipative Dimension: am \u00f6kologischen Engagement, an den Animationen, am Austausch mit dem Team. Es ist eine neue Art des Campingplatzes und des Aufenthalts !<\/p><h3>Gepflegte und verst\u00e4rkte Web-Kommunikation<\/h3><p>Wir setzen unsere Kommunikationsbem\u00fchungen fort, mit einer aktualisierten Webseite und vielen Bildern, Menschen, Inhalten&#8230; Die Kommunikation \u00fcber soziale Netzwerke erm\u00f6glicht es uns, N\u00e4he zu Ihnen aufzubauen, Ihnen den Campingplatz in seinem Alltag zu zeigen, Projekte zu teilen, Engagement zu schaffen und an der Entwicklung der Webseite teilzunehmen !<\/p><h3>Projekt-Mode<\/h3><p>Das Team zeigt Dynamik und den echten Willen, sich st\u00e4ndig zu erneuern. Es hat st\u00e4ndig laufende Projekte wobei es immer Ziele zu erreichen und Entwicklungen im Blick hat. Die Idee ist, die Nachfrage zu antizipieren und proaktiv zu sein !<\/p>\t\t\t\t\t\t\t\t<\/div>\n\t\t\t\t<\/div>\n\t\t\t\t\t<\/div>\n\t\t<\/div>\n\t\t\t\t<div class=\"elementor-column elementor-col-33 elementor-inner-column elementor-element elementor-element-5de9808a\" data-id=\"5de9808a\" data-element_type=\"column\">\n\t\t\t<div class=\"elementor-widget-wrap elementor-element-populated\">\n\t\t\t\t\t\t<div class=\"elementor-element elementor-element-15296483 elementor-widget elementor-widget-image\" data-id=\"15296483\" data-element_type=\"widget\" data-widget_type=\"image.default\">\n\t\t\t\t<div class=\"elementor-widget-container\">\n\t\t\t\t\t\t\t\t\t\t\t\t\t\t\t<img loading=\"lazy\" decoding=\"async\" width=\"460\" height=\"680\" src=\"https:\/\/www.loiseliere.com\/wp-content\/uploads\/2023\/03\/innovation-camping-oiseliere-460-680.jpg\" class=\"attachment-full size-full wp-image-11265\" alt=\"innovation tablette wifi domaine\" srcset=\"https:\/\/www.loiseliere.com\/wp-content\/uploads\/2023\/03\/innovation-camping-oiseliere-460-680.jpg 460w, https:\/\/www.loiseliere.com\/wp-content\/uploads\/2023\/03\/innovation-camping-oiseliere-460-680-203x300.jpg 203w\" sizes=\"(max-width: 460px) 100vw, 460px\" \/>\t\t\t\t\t\t\t\t\t\t\t\t\t\t\t<\/div>\n\t\t\t\t<\/div>\n\t\t\t\t\t<\/div>\n\t\t<\/div>\n\t\t\t\t\t<\/div>\n\t\t<\/section>\n\t\t\t\t\t<\/div>\n\t\t<\/div>\n\t\t\t\t\t<\/div>\n\t\t<\/section>\n\t\t\t\t<section class=\"elementor-section elementor-top-section elementor-element elementor-element-ffee183 elementor-section-full_width qodef-elementor-content-grid elementor-section-height-default elementor-section-height-default\" data-id=\"ffee183\" data-element_type=\"section\">\n\t\t\t\t\t\t<div class=\"elementor-container elementor-column-gap-no\">\n\t\t\t\t\t<div class=\"elementor-column elementor-col-33 elementor-top-column elementor-element elementor-element-16f4886\" data-id=\"16f4886\" data-element_type=\"column\">\n\t\t\t<div class=\"elementor-widget-wrap elementor-element-populated\">\n\t\t\t\t\t\t<div class=\"elementor-element elementor-element-fa0b162 elementor-widget elementor-widget-text-editor\" data-id=\"fa0b162\" data-element_type=\"widget\" data-widget_type=\"text-editor.default\">\n\t\t\t\t<div class=\"elementor-widget-container\">\n\t\t\t\t\t\t\t\t\t<h2 style=\"text-align: center;\">Die lokale Verankerung<\/h2>\t\t\t\t\t\t\t\t<\/div>\n\t\t\t\t<\/div>\n\t\t\t\t\t<\/div>\n\t\t<\/div>\n\t\t\t\t<div class=\"elementor-column elementor-col-66 elementor-top-column elementor-element elementor-element-19c2d9e\" data-id=\"19c2d9e\" data-element_type=\"column\">\n\t\t\t<div class=\"elementor-widget-wrap elementor-element-populated\">\n\t\t\t\t\t\t<div class=\"elementor-element elementor-element-3932edb elementor-widget elementor-widget-wp-widget-alloggio_core_custom_font\" data-id=\"3932edb\" data-element_type=\"widget\" data-widget_type=\"wp-widget-alloggio_core_custom_font.default\">\n\t\t\t\t<div class=\"elementor-widget-container\">\n\t\t\t\t\t<h3 class=\"qodef-shortcode qodef-m  qodef-custom-font qodef-custom-font-3 qodef-layout--simple\" style=\"font-size: 21px;line-height: 34px\">Kenntnis der Region<\/h3>\t\t\t\t<\/div>\n\t\t\t\t<\/div>\n\t\t\t\t<div class=\"elementor-element elementor-element-ed7b519 elementor-widget elementor-widget-text-editor\" data-id=\"ed7b519\" data-element_type=\"widget\" data-widget_type=\"text-editor.default\">\n\t\t\t\t<div class=\"elementor-widget-container\">\n\t\t\t\t\t\t\t\t\t<p>Wir alle drei sind der Meinung, dass Reisen bedeutet, sich Zeit zu nehmen, um eine Region zu entdecken und sich dabei mit Menschen, Einheimischen oder Reisenden, auszutauschen. F\u00fcr uns ist ein Urlaub nicht nur eine Ansammlung von Besichtigungen, sondern wirklich eine Lebenserfahrung, die anders und bereichernd ist !<\/p><p>Das Team verbringt t\u00e4glich viel Zeit damit, \u00fcber die Region zu sprechen, \u00fcber Dinge, die man in der N\u00e4he tun kann, und \u00fcber gute Adressen, die es zu entdecken gilt. Es gibt ein echtes Fachwissen \u00fcber das Erlebnis Puy du Fou, das in der Region ein Muss ist. Die Informationen der verschiedenen institutionellen Partner werden an der Rezeption weitergeleitet.<\/p>\t\t\t\t\t\t\t\t<\/div>\n\t\t\t\t<\/div>\n\t\t\t\t<div class=\"elementor-element elementor-element-eb00567 elementor-widget elementor-widget-wp-widget-alloggio_core_custom_font\" data-id=\"eb00567\" data-element_type=\"widget\" data-widget_type=\"wp-widget-alloggio_core_custom_font.default\">\n\t\t\t\t<div class=\"elementor-widget-container\">\n\t\t\t\t\t<h3 class=\"qodef-shortcode qodef-m  qodef-custom-font qodef-custom-font-4 qodef-layout--simple\" style=\"font-size: 21px;line-height: 34px\">Starkes lokales Netzwerk<\/h3>\t\t\t\t<\/div>\n\t\t\t\t<\/div>\n\t\t\t\t<div class=\"elementor-element elementor-element-5c1ec9e elementor-widget elementor-widget-text-editor\" data-id=\"5c1ec9e\" data-element_type=\"widget\" data-widget_type=\"text-editor.default\">\n\t\t\t\t<div class=\"elementor-widget-container\">\n\t\t\t\t\t\t\t\t\t<p>Aufgrund der Geschichte des Standorts wurden die lokalen Akteure immer in die Dynamik miteinbezogen. Das Team wollte diese Verbindungen aufrechterhalten, indem es u. a. Tage der offenen T\u00fcr anbot und regelm\u00e4\u00dfig \u00fcber die Entwicklungen auf der Webseite informierte.<\/p><p>Im Laufe der Zeit wurden lokale Partnerschaften gegr\u00fcndet, um dieses Netzwerk zu st\u00e4rken und einen positiven Kreislauf f\u00fcr die lokale Wirtschaft zu schaffen : Brot, Apfelsaft, Obst und Gem\u00fcse, Wein und Produkte im Lebensmittelladen stammen von lokalen Erzeugern.<\/p>\t\t\t\t\t\t\t\t<\/div>\n\t\t\t\t<\/div>\n\t\t\t\t\t<\/div>\n\t\t<\/div>\n\t\t\t\t\t<\/div>\n\t\t<\/section>\n\t\t\t\t<section class=\"elementor-section elementor-top-section elementor-element elementor-element-26a5db6 elementor-section-boxed elementor-section-height-default elementor-section-height-default qodef-elementor-content-no\" data-id=\"26a5db6\" data-element_type=\"section\">\n\t\t\t\t\t\t<div class=\"elementor-container elementor-column-gap-default\">\n\t\t\t\t\t<div class=\"elementor-column elementor-col-100 elementor-top-column elementor-element elementor-element-fa98833\" data-id=\"fa98833\" data-element_type=\"column\">\n\t\t\t<div class=\"elementor-widget-wrap elementor-element-populated\">\n\t\t\t\t\t\t<div class=\"elementor-element elementor-element-67a5aa7 elementor-widget elementor-widget-text-editor\" data-id=\"67a5aa7\" data-element_type=\"widget\" data-widget_type=\"text-editor.default\">\n\t\t\t\t<div class=\"elementor-widget-container\">\n\t\t\t\t\t\t\t\t\t<h2 style=\"text-align: center;\">Eine Familiengeschichte<\/h2><blockquote><p>Zun\u00e4chst einmal beruht das Konzept zum gro\u00dfen Teil auf Menschen, den Gr\u00fcndern, die zur selben Familie geh\u00f6ren. Zweitens ist unser Ort besonders gut f\u00fcr Familien geeignet.<\/p><p>In der Tat bietet der Standort eine sichere Umgebung (gesichertes Schwimmbad, fu\u00dfg\u00e4ngerfreundlicher Campingplatz), Ruhe (mitten in der Natur mit wenig L\u00e4rmbel\u00e4stigung), Intimit\u00e4t (die Weitl\u00e4ufigkeit des Standorts erm\u00f6glicht es, den G\u00e4sten gro\u00dfz\u00fcgige Privatr\u00e4ume anzubieten). Eine unserer Priorit\u00e4ten ist es, eine freundliche Atmosph\u00e4re mit einer einfachen und spontanen Kundenbeziehung zu bieten.<\/p><\/blockquote>\t\t\t\t\t\t\t\t<\/div>\n\t\t\t\t<\/div>\n\t\t\t\t\t<\/div>\n\t\t<\/div>\n\t\t\t\t\t<\/div>\n\t\t<\/section>\n\t\t\t\t<section class=\"elementor-section elementor-top-section elementor-element elementor-element-5b5b3fc elementor-section-full_width elementor-section-height-default elementor-section-height-default qodef-elementor-content-no\" data-id=\"5b5b3fc\" data-element_type=\"section\">\n\t\t\t\t\t\t<div class=\"elementor-container elementor-column-gap-no\">\n\t\t\t\t\t<div class=\"elementor-column elementor-col-33 elementor-top-column elementor-element elementor-element-8026629\" data-id=\"8026629\" data-element_type=\"column\" data-settings=\"{&quot;background_background&quot;:&quot;classic&quot;}\">\n\t\t\t<div class=\"elementor-widget-wrap elementor-element-populated\">\n\t\t\t\t\t\t<div class=\"elementor-element elementor-element-9c28d28 elementor-widget elementor-widget-alloggio_core_banner\" data-id=\"9c28d28\" data-element_type=\"widget\" data-widget_type=\"alloggio_core_banner.default\">\n\t\t\t\t<div class=\"elementor-widget-container\">\n\t\t\t\t\t<div class=\"qodef-shortcode qodef-m  qodef-banner qodef-layout--link-overlay  \">\n\t<div class=\"qodef-m-image\">\n\t<img decoding=\"async\" width=\"768\" height=\"1000\" src=\"https:\/\/www.loiseliere.com\/wp-content\/uploads\/2023\/03\/grands-esapces-herbes-plaine-768-1000.jpg\" class=\"attachment-full size-full\" alt=\"vue sur halle plaine et terrasse fleurie\" srcset=\"https:\/\/www.loiseliere.com\/wp-content\/uploads\/2023\/03\/grands-esapces-herbes-plaine-768-1000.jpg 768w, https:\/\/www.loiseliere.com\/wp-content\/uploads\/2023\/03\/grands-esapces-herbes-plaine-768-1000-230x300.jpg 230w\" sizes=\"(max-width: 768px) 100vw, 768px\" \/>\t<a itemprop=\"url\" href=\"#\" class=\"qodef-m-banner-link\" target=\"_self\"><\/a>\n<\/div>\t<div class=\"qodef-m-content\">\n\t\t<div class=\"qodef-m-content-inner\" style=\"padding: 50px 42px 42px 26px\">\n\t\t\t<div class=\"qodef-m-content-inner-background\" style=\"background-color: #F6F3EA\"><\/div>\n\t\t\t<div class=\"qodef-m-content-inner-holder\">\n\t\t\t\t\t\t\t\t\t\t\t\t\t\t\t\t<a itemprop=\"url\" href=\"#\" class=\"qodef-m-banner-link\" target=\"_self\"><\/a>\n\t\t\t<\/div>\n\t\t\t<a itemprop=\"url\" href=\"#\" class=\"qodef-m-banner-link\" target=\"_self\"><\/a>\n\t\t<\/div>\n\t<\/div>\n<\/div>\n\t\t\t\t<\/div>\n\t\t\t\t<\/div>\n\t\t\t\t\t<\/div>\n\t\t<\/div>\n\t\t\t\t<div class=\"elementor-column elementor-col-66 elementor-top-column elementor-element elementor-element-5ab6468\" data-id=\"5ab6468\" data-element_type=\"column\" data-settings=\"{&quot;background_background&quot;:&quot;classic&quot;}\">\n\t\t\t<div class=\"elementor-widget-wrap elementor-element-populated\">\n\t\t\t\t\t\t<div class=\"elementor-element elementor-element-3e6633f elementor-widget elementor-widget-text-editor\" data-id=\"3e6633f\" data-element_type=\"widget\" data-widget_type=\"text-editor.default\">\n\t\t\t\t<div class=\"elementor-widget-container\">\n\t\t\t\t\t\t\t\t\t<p>Die Kurzgeschichte<\/p><p>2014 : Im Einklang mit unserer Pers\u00f6nlichkeit und unseren pers\u00f6nlichen Projekten haben wir unser Unternehmensprojekt auf die Gr\u00fcndung eines \u00ab Outdoor Hotels \u00bb ausgerichtet.<\/p><p>Oktober 2014 : Ein Projektaufruf des Gemeindeverbands von Saint Fulgent f\u00fcr den Campingplatz l&#8217;Oiseli\u00e8re. Wir antworten auf diesen Projektaufruf (Erstellung eines Landschaftsdossiers, eines Businessplans, Verteidigung unseres Projekts vor den Abgeordneten &#8230;).<\/p><p>M\u00e4rz 2015 : Unser Projekt wird ausgew\u00e4hlt. Let&#8217;s go! Gr\u00fcndung des Unternehmens SARL NOUVEL R TOURISME und Einzug des Teams in die Domaine de l\u2019Oiseliere.<\/p><p>2015 : Baubeginn der ersten Anlage und erste Er\u00f6ffnung ! Renovierung von 4 Chalets, Anlegung von 20 Stellpl\u00e4tzen und 1 zus\u00e4tzlichen Parkplatz, Renovierung des Sanit\u00e4rblocks, Renovierung des Bauernhauses: Empfang und Wohnung im Obergeschoss, Anlegung des Spielplatzes, Bepflanzung und Begr\u00fcnung der Fl\u00e4chen.<\/p>\t\t\t\t\t\t\t\t<\/div>\n\t\t\t\t<\/div>\n\t\t\t\t\t<\/div>\n\t\t<\/div>\n\t\t\t\t\t<\/div>\n\t\t<\/section>\n\t\t\t\t<section class=\"elementor-section elementor-top-section elementor-element elementor-element-a0255c2 elementor-section-full_width elementor-section-height-default elementor-section-height-default qodef-elementor-content-no\" data-id=\"a0255c2\" data-element_type=\"section\">\n\t\t\t\t\t\t<div class=\"elementor-container elementor-column-gap-no\">\n\t\t\t\t\t<div class=\"elementor-column elementor-col-66 elementor-top-column elementor-element elementor-element-424bf04\" data-id=\"424bf04\" data-element_type=\"column\" data-settings=\"{&quot;background_background&quot;:&quot;classic&quot;}\">\n\t\t\t<div class=\"elementor-widget-wrap elementor-element-populated\">\n\t\t\t\t\t\t<div class=\"elementor-element elementor-element-bbb268b elementor-widget elementor-widget-text-editor\" data-id=\"bbb268b\" data-element_type=\"widget\" data-widget_type=\"text-editor.default\">\n\t\t\t\t<div class=\"elementor-widget-container\">\n\t\t\t\t\t\t\t\t\t<p>2016: Schwimmbadbau und seines Planschbeckens: 119 m\u00b2 (17 m * 7 m) beide beheizt, Renovierung des Aufenthaltsraums, Renovierung und Einrichtung der Bibliothek, Einrichtung der Zugangswege, der Terrasse und der Au\u00dfenseiten der Rezeption, Sanierungsarbeiten, Bepflanzung &#8211; Begr\u00fcnung von Fl\u00e4chen.<\/p><p>2017: Hinzuf\u00fcgung des Mietdorfs Cottage 33 m\u00b2 !<\/p><p>2018: Vergr\u00f6\u00dferung des Gem\u00fcsegartens, Installation von Nachtbeleuchtung sowie einer Plane, um die Halle zu schlie\u00dfen.<\/p><p>2019, 2020 und 2021: Bau eines Wasserspielplatzes (5 Wasserstrahlen), Renovierung des Zugangs zur Halle, Schaffung eines Pflanzenstrandes am Pool, Einf\u00fchrung unseres kommerziellen Angebots &#8222;Gesch\u00e4ftstourismus&#8220;.<\/p><p>2022 und 2023: Realisierung des Premium-Dorfs ! Ein neuer Wind weht durch die Domaine mit einer v\u00f6llig neuen visuellen Identit\u00e4t !<\/p><p>2025: Start des Bio-Gem\u00fcseanbaus auf dem Gut und Er\u00f6ffnung eines Gem\u00fcseladens mit frischem Gem\u00fcse !<\/p>\t\t\t\t\t\t\t\t<\/div>\n\t\t\t\t<\/div>\n\t\t\t\t\t<\/div>\n\t\t<\/div>\n\t\t\t\t<div class=\"elementor-column elementor-col-33 elementor-top-column elementor-element elementor-element-c3cf380\" data-id=\"c3cf380\" data-element_type=\"column\" data-settings=\"{&quot;background_background&quot;:&quot;classic&quot;}\">\n\t\t\t<div class=\"elementor-widget-wrap elementor-element-populated\">\n\t\t\t\t\t\t<div class=\"elementor-element elementor-element-a2d21d8 elementor-widget elementor-widget-alloggio_core_banner\" data-id=\"a2d21d8\" data-element_type=\"widget\" data-widget_type=\"alloggio_core_banner.default\">\n\t\t\t\t<div class=\"elementor-widget-container\">\n\t\t\t\t\t<div class=\"qodef-shortcode qodef-m  qodef-banner qodef-layout--link-overlay  \">\n\t<div class=\"qodef-m-image\">\n\t<img loading=\"lazy\" decoding=\"async\" width=\"768\" height=\"1152\" src=\"https:\/\/www.loiseliere.com\/wp-content\/uploads\/2025\/11\/domaine-maraichage-epicerie-accueil-saison-frais-largeur-768.jpg\" class=\"attachment-full size-full\" alt=\"\" srcset=\"https:\/\/www.loiseliere.com\/wp-content\/uploads\/2025\/11\/domaine-maraichage-epicerie-accueil-saison-frais-largeur-768.jpg 768w, https:\/\/www.loiseliere.com\/wp-content\/uploads\/2025\/11\/domaine-maraichage-epicerie-accueil-saison-frais-largeur-768-200x300.jpg 200w, https:\/\/www.loiseliere.com\/wp-content\/uploads\/2025\/11\/domaine-maraichage-epicerie-accueil-saison-frais-largeur-768-683x1024.jpg 683w\" sizes=\"(max-width: 768px) 100vw, 768px\" \/>\t<a itemprop=\"url\" href=\"#\" class=\"qodef-m-banner-link\" target=\"_self\"><\/a>\n<\/div>\t<div class=\"qodef-m-content\">\n\t\t<div class=\"qodef-m-content-inner\" style=\"padding: 50px 42px 42px 26px\">\n\t\t\t<div class=\"qodef-m-content-inner-background\" style=\"background-color: #F6F3EA\"><\/div>\n\t\t\t<div class=\"qodef-m-content-inner-holder\">\n\t\t\t\t\t\t\t\t\t\t\t\t\t\t\t\t<a itemprop=\"url\" href=\"#\" class=\"qodef-m-banner-link\" target=\"_self\"><\/a>\n\t\t\t<\/div>\n\t\t\t<a itemprop=\"url\" href=\"#\" class=\"qodef-m-banner-link\" target=\"_self\"><\/a>\n\t\t<\/div>\n\t<\/div>\n<\/div>\n\t\t\t\t<\/div>\n\t\t\t\t<\/div>\n\t\t\t\t\t<\/div>\n\t\t<\/div>\n\t\t\t\t\t<\/div>\n\t\t<\/section>\n\t\t\t\t<\/div>\n\t\t","protected":false},"excerpt":{"rendered":"<p>Konzept und Entwicklung \u00d6kologie als Leitgrundsatz f\u00fcr unser Konzept Sie suchen eine Unterkunft mit \u00fcberschaubarer Gr\u00f6\u00dfe, um einen naturfreundlichen Aufenthalt im Tal der Vend\u00e9e zu verbringen? Sie m\u00f6chten mit Ihrer Familie oder Ihren Mitarbeitern \u00d6ko-Tourismus machen ? U nser Campingplatz Domaine de l\u2019Oiseli\u00e8re ist der ideale Ort daf\u00fcr ! Unser Ziel seit der Gr\u00fcndung im [&hellip;]<\/p>\n","protected":false},"author":4,"featured_media":0,"parent":0,"menu_order":0,"comment_status":"closed","ping_status":"closed","template":"","meta":{"footnotes":""},"class_list":["post-17729","page","type-page","status-publish","hentry"],"yoast_head":"<!-- This site is optimized with the Yoast SEO plugin v24.8.1 - https:\/\/yoast.com\/wordpress\/plugins\/seo\/ -->\n<title>Konzept und Entwicklung<\/title>\n<meta name=\"description\" content=\"Welche Elemente sind f\u00fcr die Entwicklung unseres Projekts seit 2015 wichtig? Finden Sie hier das Konzept, das wir uns ausgedacht haben !\" \/>\n<meta name=\"robots\" content=\"index, follow, max-snippet:-1, max-image-preview:large, max-video-preview:-1\" \/>\n<link rel=\"canonical\" href=\"https:\/\/www.loiseliere.com\/de\/konzept\/\" \/>\n<meta property=\"og:locale\" content=\"de_DE\" \/>\n<meta property=\"og:type\" content=\"article\" \/>\n<meta property=\"og:title\" content=\"Konzept und Entwicklung\" \/>\n<meta property=\"og:description\" content=\"Welche Elemente sind f\u00fcr die Entwicklung unseres Projekts seit 2015 wichtig? Finden Sie hier das Konzept, das wir uns ausgedacht haben !\" \/>\n<meta property=\"og:url\" content=\"https:\/\/www.loiseliere.com\/de\/konzept\/\" \/>\n<meta property=\"og:site_name\" content=\"Domaine de l&#039;Oiseli\u00e8re\" \/>\n<meta property=\"article:publisher\" content=\"https:\/\/www.facebook.com\/loiseliere\" \/>\n<meta property=\"article:modified_time\" content=\"2025-12-09T14:03:23+00:00\" \/>\n<meta property=\"og:image\" content=\"https:\/\/www.loiseliere.com\/wp-content\/uploads\/2025\/02\/domaine-camping-campagne-vue-soleil-douceur-vegetation-potager-maraichage-largeur-1100.jpg\" \/>\n<meta name=\"twitter:card\" content=\"summary_large_image\" \/>\n<meta name=\"twitter:label1\" content=\"Gesch\u00e4tzte Lesezeit\" \/>\n\t<meta name=\"twitter:data1\" content=\"11\u00a0Minuten\" \/>\n<script type=\"application\/ld+json\" class=\"yoast-schema-graph\">{\"@context\":\"https:\/\/schema.org\",\"@graph\":[{\"@type\":\"WebPage\",\"@id\":\"https:\/\/www.loiseliere.com\/de\/konzept\/\",\"url\":\"https:\/\/www.loiseliere.com\/de\/konzept\/\",\"name\":\"Konzept und Entwicklung\",\"isPartOf\":{\"@id\":\"https:\/\/www.loiseliere.com\/de\/#website\"},\"primaryImageOfPage\":{\"@id\":\"https:\/\/www.loiseliere.com\/de\/konzept\/#primaryimage\"},\"image\":{\"@id\":\"https:\/\/www.loiseliere.com\/de\/konzept\/#primaryimage\"},\"thumbnailUrl\":\"https:\/\/www.loiseliere.com\/wp-content\/uploads\/2025\/02\/domaine-camping-campagne-vue-soleil-douceur-vegetation-potager-maraichage-largeur-1100.jpg\",\"datePublished\":\"2023-03-20T13:41:02+00:00\",\"dateModified\":\"2025-12-09T14:03:23+00:00\",\"description\":\"Welche Elemente sind f\u00fcr die Entwicklung unseres Projekts seit 2015 wichtig? Finden Sie hier das Konzept, das wir uns ausgedacht haben !\",\"breadcrumb\":{\"@id\":\"https:\/\/www.loiseliere.com\/de\/konzept\/#breadcrumb\"},\"inLanguage\":\"de\",\"potentialAction\":[{\"@type\":\"ReadAction\",\"target\":[\"https:\/\/www.loiseliere.com\/de\/konzept\/\"]}]},{\"@type\":\"ImageObject\",\"inLanguage\":\"de\",\"@id\":\"https:\/\/www.loiseliere.com\/de\/konzept\/#primaryimage\",\"url\":\"https:\/\/www.loiseliere.com\/wp-content\/uploads\/2025\/02\/domaine-camping-campagne-vue-soleil-douceur-vegetation-potager-maraichage-largeur-1100.jpg\",\"contentUrl\":\"https:\/\/www.loiseliere.com\/wp-content\/uploads\/2025\/02\/domaine-camping-campagne-vue-soleil-douceur-vegetation-potager-maraichage-largeur-1100.jpg\"},{\"@type\":\"BreadcrumbList\",\"@id\":\"https:\/\/www.loiseliere.com\/de\/konzept\/#breadcrumb\",\"itemListElement\":[{\"@type\":\"ListItem\",\"position\":1,\"name\":\"Home\",\"item\":\"https:\/\/www.loiseliere.com\/de\/\"},{\"@type\":\"ListItem\",\"position\":2,\"name\":\"Konzept und Entwicklung\"}]},{\"@type\":\"WebSite\",\"@id\":\"https:\/\/www.loiseliere.com\/de\/#website\",\"url\":\"https:\/\/www.loiseliere.com\/de\/\",\"name\":\"Domaine de l&#039;Oiseli\u00e8re\",\"description\":\"Camping, s\u00e9minaires et mariages\",\"publisher\":{\"@id\":\"https:\/\/www.loiseliere.com\/de\/#organization\"},\"alternateName\":\"L'Oiseli\u00e8re\",\"potentialAction\":[{\"@type\":\"SearchAction\",\"target\":{\"@type\":\"EntryPoint\",\"urlTemplate\":\"https:\/\/www.loiseliere.com\/de\/?s={search_term_string}\"},\"query-input\":{\"@type\":\"PropertyValueSpecification\",\"valueRequired\":true,\"valueName\":\"search_term_string\"}}],\"inLanguage\":\"de\"},{\"@type\":\"Organization\",\"@id\":\"https:\/\/www.loiseliere.com\/de\/#organization\",\"name\":\"Domaine de l'Oiseli\u00e8re\",\"alternateName\":\"L'Oiseli\u00e8re\",\"url\":\"https:\/\/www.loiseliere.com\/de\/\",\"logo\":{\"@type\":\"ImageObject\",\"inLanguage\":\"de\",\"@id\":\"https:\/\/www.loiseliere.com\/de\/#\/schema\/logo\/image\/\",\"url\":\"https:\/\/www.loiseliere.com\/wp-content\/uploads\/2023\/03\/Logo-oiseliere-1.png\",\"contentUrl\":\"https:\/\/www.loiseliere.com\/wp-content\/uploads\/2023\/03\/Logo-oiseliere-1.png\",\"width\":313,\"height\":260,\"caption\":\"Domaine de l'Oiseli\u00e8re\"},\"image\":{\"@id\":\"https:\/\/www.loiseliere.com\/de\/#\/schema\/logo\/image\/\"},\"sameAs\":[\"https:\/\/www.facebook.com\/loiseliere\",\"https:\/\/www.instagram.com\/ledomainedeloiseliere\/\",\"https:\/\/www.linkedin.com\/company\/domaine-de-l-oiselire\/\"]}]}<\/script>\n<!-- \/ Yoast SEO plugin. -->","yoast_head_json":{"title":"Konzept und Entwicklung","description":"Welche Elemente sind f\u00fcr die Entwicklung unseres Projekts seit 2015 wichtig? Finden Sie hier das Konzept, das wir uns ausgedacht haben !","robots":{"index":"index","follow":"follow","max-snippet":"max-snippet:-1","max-image-preview":"max-image-preview:large","max-video-preview":"max-video-preview:-1"},"canonical":"https:\/\/www.loiseliere.com\/de\/konzept\/","og_locale":"de_DE","og_type":"article","og_title":"Konzept und Entwicklung","og_description":"Welche Elemente sind f\u00fcr die Entwicklung unseres Projekts seit 2015 wichtig? Finden Sie hier das Konzept, das wir uns ausgedacht haben !","og_url":"https:\/\/www.loiseliere.com\/de\/konzept\/","og_site_name":"Domaine de l&#039;Oiseli\u00e8re","article_publisher":"https:\/\/www.facebook.com\/loiseliere","article_modified_time":"2025-12-09T14:03:23+00:00","og_image":[{"url":"https:\/\/www.loiseliere.com\/wp-content\/uploads\/2025\/02\/domaine-camping-campagne-vue-soleil-douceur-vegetation-potager-maraichage-largeur-1100.jpg","type":"","width":"","height":""}],"twitter_card":"summary_large_image","twitter_misc":{"Gesch\u00e4tzte Lesezeit":"11\u00a0Minuten"},"schema":{"@context":"https:\/\/schema.org","@graph":[{"@type":"WebPage","@id":"https:\/\/www.loiseliere.com\/de\/konzept\/","url":"https:\/\/www.loiseliere.com\/de\/konzept\/","name":"Konzept und Entwicklung","isPartOf":{"@id":"https:\/\/www.loiseliere.com\/de\/#website"},"primaryImageOfPage":{"@id":"https:\/\/www.loiseliere.com\/de\/konzept\/#primaryimage"},"image":{"@id":"https:\/\/www.loiseliere.com\/de\/konzept\/#primaryimage"},"thumbnailUrl":"https:\/\/www.loiseliere.com\/wp-content\/uploads\/2025\/02\/domaine-camping-campagne-vue-soleil-douceur-vegetation-potager-maraichage-largeur-1100.jpg","datePublished":"2023-03-20T13:41:02+00:00","dateModified":"2025-12-09T14:03:23+00:00","description":"Welche Elemente sind f\u00fcr die Entwicklung unseres Projekts seit 2015 wichtig? Finden Sie hier das Konzept, das wir uns ausgedacht haben !","breadcrumb":{"@id":"https:\/\/www.loiseliere.com\/de\/konzept\/#breadcrumb"},"inLanguage":"de","potentialAction":[{"@type":"ReadAction","target":["https:\/\/www.loiseliere.com\/de\/konzept\/"]}]},{"@type":"ImageObject","inLanguage":"de","@id":"https:\/\/www.loiseliere.com\/de\/konzept\/#primaryimage","url":"https:\/\/www.loiseliere.com\/wp-content\/uploads\/2025\/02\/domaine-camping-campagne-vue-soleil-douceur-vegetation-potager-maraichage-largeur-1100.jpg","contentUrl":"https:\/\/www.loiseliere.com\/wp-content\/uploads\/2025\/02\/domaine-camping-campagne-vue-soleil-douceur-vegetation-potager-maraichage-largeur-1100.jpg"},{"@type":"BreadcrumbList","@id":"https:\/\/www.loiseliere.com\/de\/konzept\/#breadcrumb","itemListElement":[{"@type":"ListItem","position":1,"name":"Home","item":"https:\/\/www.loiseliere.com\/de\/"},{"@type":"ListItem","position":2,"name":"Konzept und Entwicklung"}]},{"@type":"WebSite","@id":"https:\/\/www.loiseliere.com\/de\/#website","url":"https:\/\/www.loiseliere.com\/de\/","name":"Domaine de l&#039;Oiseli\u00e8re","description":"Camping, s\u00e9minaires et mariages","publisher":{"@id":"https:\/\/www.loiseliere.com\/de\/#organization"},"alternateName":"L'Oiseli\u00e8re","potentialAction":[{"@type":"SearchAction","target":{"@type":"EntryPoint","urlTemplate":"https:\/\/www.loiseliere.com\/de\/?s={search_term_string}"},"query-input":{"@type":"PropertyValueSpecification","valueRequired":true,"valueName":"search_term_string"}}],"inLanguage":"de"},{"@type":"Organization","@id":"https:\/\/www.loiseliere.com\/de\/#organization","name":"Domaine de l'Oiseli\u00e8re","alternateName":"L'Oiseli\u00e8re","url":"https:\/\/www.loiseliere.com\/de\/","logo":{"@type":"ImageObject","inLanguage":"de","@id":"https:\/\/www.loiseliere.com\/de\/#\/schema\/logo\/image\/","url":"https:\/\/www.loiseliere.com\/wp-content\/uploads\/2023\/03\/Logo-oiseliere-1.png","contentUrl":"https:\/\/www.loiseliere.com\/wp-content\/uploads\/2023\/03\/Logo-oiseliere-1.png","width":313,"height":260,"caption":"Domaine de l'Oiseli\u00e8re"},"image":{"@id":"https:\/\/www.loiseliere.com\/de\/#\/schema\/logo\/image\/"},"sameAs":["https:\/\/www.facebook.com\/loiseliere","https:\/\/www.instagram.com\/ledomainedeloiseliere\/","https:\/\/www.linkedin.com\/company\/domaine-de-l-oiselire\/"]}]}},"_links":{"self":[{"href":"https:\/\/www.loiseliere.com\/de\/wp-json\/wp\/v2\/pages\/17729","targetHints":{"allow":["GET"]}}],"collection":[{"href":"https:\/\/www.loiseliere.com\/de\/wp-json\/wp\/v2\/pages"}],"about":[{"href":"https:\/\/www.loiseliere.com\/de\/wp-json\/wp\/v2\/types\/page"}],"author":[{"embeddable":true,"href":"https:\/\/www.loiseliere.com\/de\/wp-json\/wp\/v2\/users\/4"}],"replies":[{"embeddable":true,"href":"https:\/\/www.loiseliere.com\/de\/wp-json\/wp\/v2\/comments?post=17729"}],"version-history":[{"count":8,"href":"https:\/\/www.loiseliere.com\/de\/wp-json\/wp\/v2\/pages\/17729\/revisions"}],"predecessor-version":[{"id":36642,"href":"https:\/\/www.loiseliere.com\/de\/wp-json\/wp\/v2\/pages\/17729\/revisions\/36642"}],"wp:attachment":[{"href":"https:\/\/www.loiseliere.com\/de\/wp-json\/wp\/v2\/media?parent=17729"}],"curies":[{"name":"wp","href":"https:\/\/api.w.org\/{rel}","templated":true}]}}