{"id":17863,"date":"2023-03-20T11:13:50","date_gmt":"2023-03-20T10:13:50","guid":{"rendered":"https:\/\/www.loiseliere.com\/camping-ecologique-ecolabel-europeen-environnement\/"},"modified":"2025-12-09T15:13:46","modified_gmt":"2025-12-09T14:13:46","slug":"oekologischer-campingplatz-europaisches-umweltzeichen-umwelt","status":"publish","type":"page","link":"https:\/\/www.loiseliere.com\/de\/oekologischer-campingplatz-europaisches-umweltzeichen-umwelt\/","title":{"rendered":"\u00d6kologisches Engagement"},"content":{"rendered":"\t\t<div data-elementor-type=\"wp-page\" data-elementor-id=\"17863\" class=\"elementor elementor-17863 elementor-10724\">\n\t\t\t\t\t\t<section class=\"elementor-section elementor-top-section elementor-element elementor-element-4a6cd283 elementor-section-full_width elementor-section-stretched elementor-section-height-default elementor-section-height-default qodef-elementor-content-no\" data-id=\"4a6cd283\" data-element_type=\"section\" data-settings=\"{&quot;stretch_section&quot;:&quot;section-stretched&quot;}\">\n\t\t\t\t\t\t<div class=\"elementor-container elementor-column-gap-default\">\n\t\t\t\t\t<div class=\"elementor-column elementor-col-100 elementor-top-column elementor-element elementor-element-664c953\" data-id=\"664c953\" data-element_type=\"column\">\n\t\t\t<div class=\"elementor-widget-wrap elementor-element-populated\">\n\t\t\t\t\t\t<div class=\"elementor-element elementor-element-217cc814 elementor-arrows-position-inside elementor-widget elementor-widget-image-carousel\" data-id=\"217cc814\" data-element_type=\"widget\" data-settings=\"{&quot;slides_to_show&quot;:&quot;2&quot;,&quot;navigation&quot;:&quot;arrows&quot;,&quot;image_spacing_custom&quot;:{&quot;unit&quot;:&quot;px&quot;,&quot;size&quot;:2,&quot;sizes&quot;:[]},&quot;autoplay&quot;:&quot;yes&quot;,&quot;pause_on_hover&quot;:&quot;yes&quot;,&quot;pause_on_interaction&quot;:&quot;yes&quot;,&quot;autoplay_speed&quot;:5000,&quot;infinite&quot;:&quot;yes&quot;,&quot;speed&quot;:500,&quot;image_spacing_custom_tablet&quot;:{&quot;unit&quot;:&quot;px&quot;,&quot;size&quot;:&quot;&quot;,&quot;sizes&quot;:[]},&quot;image_spacing_custom_mobile&quot;:{&quot;unit&quot;:&quot;px&quot;,&quot;size&quot;:&quot;&quot;,&quot;sizes&quot;:[]}}\" data-widget_type=\"image-carousel.default\">\n\t\t\t\t<div class=\"elementor-widget-container\">\n\t\t\t\t\t\t\t<div class=\"elementor-image-carousel-wrapper swiper\" role=\"region\" aria-roledescription=\"carousel\" aria-label=\"Carrousel d\u2019images\" dir=\"ltr\">\n\t\t\t<div class=\"elementor-image-carousel swiper-wrapper\" aria-live=\"off\">\n\t\t\t\t\t\t\t\t<div class=\"swiper-slide\" role=\"group\" aria-roledescription=\"slide\" aria-label=\"1 von 2\"><figure class=\"swiper-slide-inner\"><img decoding=\"async\" class=\"swiper-slide-image\" src=\"https:\/\/www.loiseliere.com\/wp-content\/uploads\/2025\/02\/espace-detente-plage-vegetale-largeur-1100.jpg\" alt=\"Oiseli\u00e8re\" \/><\/figure><\/div><div class=\"swiper-slide\" role=\"group\" aria-roledescription=\"slide\" aria-label=\"2 von 2\"><figure class=\"swiper-slide-inner\"><img decoding=\"async\" class=\"swiper-slide-image\" src=\"https:\/\/www.loiseliere.com\/wp-content\/uploads\/2025\/02\/oiseliere-piscine-dans-la-nature-largeur-1100.jpg\" alt=\"Oiseli\u00e8re\" \/><\/figure><\/div>\t\t\t<\/div>\n\t\t\t\t\t\t\t\t\t\t\t\t<div class=\"elementor-swiper-button elementor-swiper-button-prev\" role=\"button\" tabindex=\"0\">\n\t\t\t\t\t\t<i aria-hidden=\"true\" class=\"eicon-chevron-left\"><\/i>\t\t\t\t\t<\/div>\n\t\t\t\t\t<div class=\"elementor-swiper-button elementor-swiper-button-next\" role=\"button\" tabindex=\"0\">\n\t\t\t\t\t\t<i aria-hidden=\"true\" class=\"eicon-chevron-right\"><\/i>\t\t\t\t\t<\/div>\n\t\t\t\t\n\t\t\t\t\t\t\t\t\t<\/div>\n\t\t\t\t\t\t<\/div>\n\t\t\t\t<\/div>\n\t\t\t\t\t<\/div>\n\t\t<\/div>\n\t\t\t\t\t<\/div>\n\t\t<\/section>\n\t\t\t\t<section class=\"elementor-section elementor-top-section elementor-element elementor-element-2e26b317 elementor-section-height-min-height elementor-section-stretched elementor-section-boxed elementor-section-height-default elementor-section-items-middle qodef-elementor-content-no\" data-id=\"2e26b317\" data-element_type=\"section\" data-settings=\"{&quot;stretch_section&quot;:&quot;section-stretched&quot;,&quot;background_background&quot;:&quot;classic&quot;}\">\n\t\t\t\t\t\t\t<div class=\"elementor-background-overlay\"><\/div>\n\t\t\t\t\t\t\t<div class=\"elementor-container elementor-column-gap-wide\">\n\t\t\t\t\t<div class=\"elementor-column elementor-col-100 elementor-top-column elementor-element elementor-element-3ad20945\" data-id=\"3ad20945\" data-element_type=\"column\">\n\t\t\t<div class=\"elementor-widget-wrap elementor-element-populated\">\n\t\t\t\t\t\t<div class=\"elementor-element elementor-element-2035c45b orange elementor-widget elementor-widget-text-editor\" data-id=\"2035c45b\" data-element_type=\"widget\" data-widget_type=\"text-editor.default\">\n\t\t\t\t<div class=\"elementor-widget-container\">\n\t\t\t\t\t\t\t\t\t<h1 style=\"text-align: center;\">\u00d6kologisches Engagement<\/h1>\t\t\t\t\t\t\t\t<\/div>\n\t\t\t\t<\/div>\n\t\t\t\t<div class=\"elementor-element elementor-element-756f7f24 elementor-widget elementor-widget-text-editor\" data-id=\"756f7f24\" data-element_type=\"widget\" data-widget_type=\"text-editor.default\">\n\t\t\t\t<div class=\"elementor-widget-container\">\n\t\t\t\t\t\t\t\t\t<p>\u00ab CSR \u00bb oder Corporate Social Responsibility entspricht der freiwilligen Einbeziehung sozialer und \u00f6kologischer Belange durch Unternehmen in ihre Gesch\u00e4ftst\u00e4tigkeit und ihre Beziehungen zu Stakeholdern. Dies ist die von der Europ\u00e4ischen Kommission gegebenen Definition. Daher wird unser \u00ab CSR \u00bb- Vorgehen von unserem Engagement geleitet, unsere Umwelt zu respektieren. Diese grundlegenden Werte geben seit Beginn unseres Projekts die Richtlinien zur Gr\u00fcndung und zum Aufbau eines \u00f6kologischen Campingplatzes ; Auf dieser Seite wird dieses Engagement ausf\u00fchrlich beschrieben. Am Ende der Seite diskutieren wir die gesellschaftliche Struktur unserer \u00ab CSR \u00bb &#8211; Schritte.<\/p>\t\t\t\t\t\t\t\t<\/div>\n\t\t\t\t<\/div>\n\t\t\t\t<div class=\"elementor-element elementor-element-63da17d9 elementor-widget-tablet__width-initial elementor-absolute elementor-widget elementor-widget-image\" data-id=\"63da17d9\" data-element_type=\"widget\" data-settings=\"{&quot;_position&quot;:&quot;absolute&quot;}\" data-widget_type=\"image.default\">\n\t\t\t\t<div class=\"elementor-widget-container\">\n\t\t\t\t\t\t\t\t\t\t\t\t\t\t\t<img fetchpriority=\"high\" decoding=\"async\" width=\"357\" height=\"433\" src=\"https:\/\/www.loiseliere.com\/wp-content\/uploads\/2020\/03\/feuilles-domaine-oiseliere.png\" class=\"attachment-full size-full wp-image-4838\" alt=\"Feuilles domaine de l&#039;Oiseli\u00e8re\" srcset=\"https:\/\/www.loiseliere.com\/wp-content\/uploads\/2020\/03\/feuilles-domaine-oiseliere.png 357w, https:\/\/www.loiseliere.com\/wp-content\/uploads\/2020\/03\/feuilles-domaine-oiseliere-247x300.png 247w\" sizes=\"(max-width: 357px) 100vw, 357px\" \/>\t\t\t\t\t\t\t\t\t\t\t\t\t\t\t<\/div>\n\t\t\t\t<\/div>\n\t\t\t\t\t<\/div>\n\t\t<\/div>\n\t\t\t\t\t<\/div>\n\t\t<\/section>\n\t\t\t\t<section class=\"elementor-section elementor-top-section elementor-element elementor-element-24a5929e elementor-section-full_width qodef-elementor-content-grid elementor-section-height-default elementor-section-height-default\" data-id=\"24a5929e\" data-element_type=\"section\">\n\t\t\t\t\t\t<div class=\"elementor-container elementor-column-gap-no\">\n\t\t\t\t\t<div class=\"elementor-column elementor-col-33 elementor-top-column elementor-element elementor-element-949b4b1\" data-id=\"949b4b1\" data-element_type=\"column\">\n\t\t\t<div class=\"elementor-widget-wrap elementor-element-populated\">\n\t\t\t\t\t\t<div class=\"elementor-element elementor-element-38daf1e0 elementor-widget elementor-widget-text-editor\" data-id=\"38daf1e0\" data-element_type=\"widget\" data-widget_type=\"text-editor.default\">\n\t\t\t\t<div class=\"elementor-widget-container\">\n\t\t\t\t\t\t\t\t\t<h2 style=\"text-align: center;\">Unsere Umweltpolitik<\/h2>\t\t\t\t\t\t\t\t<\/div>\n\t\t\t\t<\/div>\n\t\t\t\t\t<\/div>\n\t\t<\/div>\n\t\t\t\t<div class=\"elementor-column elementor-col-66 elementor-top-column elementor-element elementor-element-38547a4d\" data-id=\"38547a4d\" data-element_type=\"column\">\n\t\t\t<div class=\"elementor-widget-wrap elementor-element-populated\">\n\t\t\t\t\t\t<div class=\"elementor-element elementor-element-60a5b724 elementor-widget elementor-widget-wp-widget-alloggio_core_custom_font\" data-id=\"60a5b724\" data-element_type=\"widget\" data-widget_type=\"wp-widget-alloggio_core_custom_font.default\">\n\t\t\t\t<div class=\"elementor-widget-container\">\n\t\t\t\t\t<p class=\"qodef-shortcode qodef-m  qodef-custom-font qodef-custom-font-1 qodef-layout--simple\" style=\"font-size: 21px;line-height: 34px\">Unsere Umweltpolitik definiert die Hauptziele unserer f\u00fcr \u00d6kologie unternommenen Schritte und Aktionen auf dem Campingplatz. Unser Team hat eine globale Politik mit dem Ziel eingef\u00fchrt, die Auswirkungen auf unsere au\u00dfergew\u00f6hnliche und gef\u00e4hrdete Umwelt zu minimieren. In \u00dcbereinstimmung mit unseren Werten m\u00f6chten wir uns an einem nachhaltigen und naturfreundlichen Tourismus beteiligen. Unser Engagement setzt sich schon heute durch konkrete Taten um !<\/p>\t\t\t\t<\/div>\n\t\t\t\t<\/div>\n\t\t\t\t\t<\/div>\n\t\t<\/div>\n\t\t\t\t\t<\/div>\n\t\t<\/section>\n\t\t\t\t<section class=\"elementor-section elementor-top-section elementor-element elementor-element-78ab1487 elementor-section-full_width orange elementor-section-height-default elementor-section-height-default qodef-elementor-content-no\" data-id=\"78ab1487\" data-element_type=\"section\">\n\t\t\t\t\t\t<div class=\"elementor-container elementor-column-gap-default\">\n\t\t\t\t\t<div class=\"elementor-column elementor-col-100 elementor-top-column elementor-element elementor-element-7be5105c\" data-id=\"7be5105c\" data-element_type=\"column\">\n\t\t\t<div class=\"elementor-widget-wrap elementor-element-populated\">\n\t\t\t\t\t\t<section class=\"elementor-section elementor-inner-section elementor-element elementor-element-78dc7b2e elementor-section-boxed elementor-section-height-default elementor-section-height-default qodef-elementor-content-no\" data-id=\"78dc7b2e\" data-element_type=\"section\" data-settings=\"{&quot;background_background&quot;:&quot;classic&quot;}\">\n\t\t\t\t\t\t\t<div class=\"elementor-background-overlay\"><\/div>\n\t\t\t\t\t\t\t<div class=\"elementor-container elementor-column-gap-default\">\n\t\t\t\t\t<div class=\"elementor-column elementor-col-100 elementor-inner-column elementor-element elementor-element-7ad682e9\" data-id=\"7ad682e9\" data-element_type=\"column\">\n\t\t\t<div class=\"elementor-widget-wrap elementor-element-populated\">\n\t\t\t\t\t\t<div class=\"elementor-element elementor-element-4757f70b elementor-widget elementor-widget-text-editor\" data-id=\"4757f70b\" data-element_type=\"widget\" data-widget_type=\"text-editor.default\">\n\t\t\t\t<div class=\"elementor-widget-container\">\n\t\t\t\t\t\t\t\t\t<h3 style=\"text-align: center;\">Aktiv sein !<\/h3><p>In der Umweltpolitik finden wir alle \u00abgr\u00fcnen \u00bb Verbesserungen, die f\u00fcr den Campingplatz durchgef\u00fchrt und von unserem Team definiert wurden, unsere Ziele und Grundprinzipien : welche Ziele zur Verbrauchsreduzierung, welche Labels, welche Lieferanten, welche Eink\u00e4ufe, welche Arbeiten \u2026 Das erfordert auch, dass ein Aktionsprogramm durchgef\u00fchrt wird, um diese Ziele einhalten zu k\u00f6nnen.<\/p>\t\t\t\t\t\t\t\t<\/div>\n\t\t\t\t<\/div>\n\t\t\t\t\t<\/div>\n\t\t<\/div>\n\t\t\t\t\t<\/div>\n\t\t<\/section>\n\t\t\t\t<div class=\"elementor-element elementor-element-654555e elementor-absolute elementor-widget-tablet__width-initial elementor-hidden-mobile elementor-widget elementor-widget-image\" data-id=\"654555e\" data-element_type=\"widget\" data-settings=\"{&quot;_position&quot;:&quot;absolute&quot;}\" data-widget_type=\"image.default\">\n\t\t\t\t<div class=\"elementor-widget-container\">\n\t\t\t\t\t\t\t\t\t\t\t\t\t\t\t<img decoding=\"async\" width=\"339\" height=\"286\" src=\"https:\/\/www.loiseliere.com\/wp-content\/uploads\/2020\/03\/fleurs-logo-oiseliere.png\" class=\"attachment-full size-full wp-image-4858\" alt=\"Fleur du logo de l&#039;Oiseli\u00e8re\" srcset=\"https:\/\/www.loiseliere.com\/wp-content\/uploads\/2020\/03\/fleurs-logo-oiseliere.png 339w, https:\/\/www.loiseliere.com\/wp-content\/uploads\/2020\/03\/fleurs-logo-oiseliere-300x253.png 300w\" sizes=\"(max-width: 339px) 100vw, 339px\" \/>\t\t\t\t\t\t\t\t\t\t\t\t\t\t\t<\/div>\n\t\t\t\t<\/div>\n\t\t\t\t<div class=\"elementor-element elementor-element-16eaeda6 elementor-widget elementor-widget-qi_addons_for_elementor_image_gallery\" data-id=\"16eaeda6\" data-element_type=\"widget\" data-widget_type=\"qi_addons_for_elementor_image_gallery.default\">\n\t\t\t\t<div class=\"elementor-widget-container\">\n\t\t\t\t\t<div class=\"qodef-shortcode qodef-m qodef-qi-image-gallery qodef-qi-fslightbox-popup qodef-popup-gallery qodef-image--hover-zoom qodef-qi-grid qodef-layout--qi-columns qodef-col-num--1 qodef-responsive--predefined\">\n\t<div class=\"qodef-grid-inner\">\n\t\t<div class=\"qodef-e qodef-image-wrapper qodef-grid-item\">\n\t<div class=\"qodef-e-inner\">\n\t\t\t\t\t<a class=\"qodef-popup-item\" itemprop=\"image\" href=\"https:\/\/www.loiseliere.com\/wp-content\/uploads\/2025\/02\/camping-famille-etang-jeu-de-piste-campgne-largeur-1100.jpg\" data-type=\"image\" data-fslightbox=\"gallery-839\">\n\t\t\t\t\t<img decoding=\"async\" width=\"1100\" height=\"733\" src=\"https:\/\/www.loiseliere.com\/wp-content\/uploads\/2025\/02\/camping-famille-etang-jeu-de-piste-campgne-largeur-1100.jpg\" class=\"attachment-full size-full\" alt=\"\" srcset=\"https:\/\/www.loiseliere.com\/wp-content\/uploads\/2025\/02\/camping-famille-etang-jeu-de-piste-campgne-largeur-1100.jpg 1100w, https:\/\/www.loiseliere.com\/wp-content\/uploads\/2025\/02\/camping-famille-etang-jeu-de-piste-campgne-largeur-1100-300x200.jpg 300w, https:\/\/www.loiseliere.com\/wp-content\/uploads\/2025\/02\/camping-famille-etang-jeu-de-piste-campgne-largeur-1100-1024x682.jpg 1024w, https:\/\/www.loiseliere.com\/wp-content\/uploads\/2025\/02\/camping-famille-etang-jeu-de-piste-campgne-largeur-1100-768x512.jpg 768w\" sizes=\"(max-width: 1100px) 100vw, 1100px\" \/>\t\t\t\t\t<\/a>\n\t\t\t<\/div>\n<\/div>\n\t<\/div>\n<\/div>\n\t\t\t\t<\/div>\n\t\t\t\t<\/div>\n\t\t\t\t<section class=\"elementor-section elementor-inner-section elementor-element elementor-element-6551e5de elementor-section-boxed elementor-section-height-default elementor-section-height-default qodef-elementor-content-no\" data-id=\"6551e5de\" data-element_type=\"section\" data-settings=\"{&quot;background_background&quot;:&quot;classic&quot;}\">\n\t\t\t\t\t\t\t<div class=\"elementor-background-overlay\"><\/div>\n\t\t\t\t\t\t\t<div class=\"elementor-container elementor-column-gap-default\">\n\t\t\t\t\t<div class=\"elementor-column elementor-col-100 elementor-inner-column elementor-element elementor-element-333c1c5a\" data-id=\"333c1c5a\" data-element_type=\"column\">\n\t\t\t<div class=\"elementor-widget-wrap elementor-element-populated\">\n\t\t\t\t\t\t<div class=\"elementor-element elementor-element-72c1e895 elementor-widget elementor-widget-text-editor\" data-id=\"72c1e895\" data-element_type=\"widget\" data-widget_type=\"text-editor.default\">\n\t\t\t\t<div class=\"elementor-widget-container\">\n\t\t\t\t\t\t\t\t\t<h3 style=\"text-align: center;\">wie sieht es konkret aus?<\/h3><ul><li>Der Campingplatz ist eine Fu\u00dfg\u00e4ngerzone, um L\u00e4rm- und visuelle Verschmutzung zu vermeiden<\/li><li>Wir pflegen die Fl\u00e4chen durch manuelle Unkrautvernichtung: keine Pestizide<\/li><li>Wir verwenden nur Ecolabel-zertifizierte Reinigungsprodukte<\/li><li>Wir verwenden edle Materialien wie Holz in unseren neuen Einrichtungen, um den Einsatz von Erd\u00f6lprodukten zu reduzieren.<\/li><li>Wir verpflichten uns, unsere Leistung durch w\u00f6chentliche \u00dcberwachung des Wasser- und Stromverbrauchs zu verbessern und unsere Arbeits- und Funktionsweise regelm\u00e4ssig in Frage zu stellen.<\/li><li>Wir trennen den M\u00fcll und ermutigen unsere G\u00e4ste, dies zu tun<\/li><li>Ein Kompostanlage f\u00fcr organische Abf\u00e4lle<\/li><li>Wir haben Partnerschaften mit lokalen Produzenten f\u00fcr den Bio-Lebensmittelladen auf dem Campingplatz aufgebaut<\/li><\/ul><p>Jedes Jahr \u00fcberpr\u00fcfen wir unsere Ziele und aktualisieren unsere Politik und unseren Team-Aktionsplan ! Diese Arbeit und Kontrolle m\u00f6gen etwas m\u00fchsam erscheinen, aber sie ist wichtig, um unsere Ziele zu erreichen, uns zu verbessern und immer mehr f\u00fcr die Umwelt zu tun.<\/p>\t\t\t\t\t\t\t\t<\/div>\n\t\t\t\t<\/div>\n\t\t\t\t\t<\/div>\n\t\t<\/div>\n\t\t\t\t\t<\/div>\n\t\t<\/section>\n\t\t\t\t<div class=\"elementor-element elementor-element-5fd50d36 elementor-widget elementor-widget-qi_addons_for_elementor_image_gallery\" data-id=\"5fd50d36\" data-element_type=\"widget\" data-widget_type=\"qi_addons_for_elementor_image_gallery.default\">\n\t\t\t\t<div class=\"elementor-widget-container\">\n\t\t\t\t\t<div class=\"qodef-shortcode qodef-m qodef-qi-image-gallery qodef-qi-fslightbox-popup qodef-popup-gallery qodef-image--hover-zoom qodef-qi-grid qodef-layout--qi-columns qodef-col-num--3 qodef-responsive--custom qodef-col-num--1680--3 qodef-col-num--1440--3 qodef-col-num--1366--3 qodef-col-num--1024--3 qodef-col-num--768--3 qodef-col-num--680--1 qodef-col-num--480--1\">\n\t<div class=\"qodef-grid-inner\">\n\t\t<div class=\"qodef-e qodef-image-wrapper qodef-grid-item\">\n\t<div class=\"qodef-e-inner\">\n\t\t\t\t\t<a class=\"qodef-popup-item\" itemprop=\"image\" href=\"https:\/\/www.loiseliere.com\/wp-content\/uploads\/2025\/02\/transats-vue-foret-vendeenne-largeur-1100.jpg\" data-type=\"image\" data-fslightbox=\"gallery-444\">\n\t\t\t\t\t<img loading=\"lazy\" decoding=\"async\" width=\"1100\" height=\"1650\" src=\"https:\/\/www.loiseliere.com\/wp-content\/uploads\/2025\/02\/transats-vue-foret-vendeenne-largeur-1100.jpg\" class=\"attachment-full size-full\" alt=\"\" srcset=\"https:\/\/www.loiseliere.com\/wp-content\/uploads\/2025\/02\/transats-vue-foret-vendeenne-largeur-1100.jpg 1100w, https:\/\/www.loiseliere.com\/wp-content\/uploads\/2025\/02\/transats-vue-foret-vendeenne-largeur-1100-200x300.jpg 200w, https:\/\/www.loiseliere.com\/wp-content\/uploads\/2025\/02\/transats-vue-foret-vendeenne-largeur-1100-683x1024.jpg 683w, https:\/\/www.loiseliere.com\/wp-content\/uploads\/2025\/02\/transats-vue-foret-vendeenne-largeur-1100-768x1152.jpg 768w, https:\/\/www.loiseliere.com\/wp-content\/uploads\/2025\/02\/transats-vue-foret-vendeenne-largeur-1100-1024x1536.jpg 1024w\" sizes=\"(max-width: 1100px) 100vw, 1100px\" \/>\t\t\t\t\t<\/a>\n\t\t\t<\/div>\n<\/div>\n<div class=\"qodef-e qodef-image-wrapper qodef-grid-item\">\n\t<div class=\"qodef-e-inner\">\n\t\t\t\t\t<a class=\"qodef-popup-item\" itemprop=\"image\" href=\"https:\/\/www.loiseliere.com\/wp-content\/uploads\/2025\/02\/camping-vendee-domaine-equipe-collaborateurs-preparation-cottage-largeur-1100.jpg\" data-type=\"image\" data-fslightbox=\"gallery-444\">\n\t\t\t\t\t<img loading=\"lazy\" decoding=\"async\" width=\"1100\" height=\"1650\" src=\"https:\/\/www.loiseliere.com\/wp-content\/uploads\/2025\/02\/camping-vendee-domaine-equipe-collaborateurs-preparation-cottage-largeur-1100.jpg\" class=\"attachment-full size-full\" alt=\"\" srcset=\"https:\/\/www.loiseliere.com\/wp-content\/uploads\/2025\/02\/camping-vendee-domaine-equipe-collaborateurs-preparation-cottage-largeur-1100.jpg 1100w, https:\/\/www.loiseliere.com\/wp-content\/uploads\/2025\/02\/camping-vendee-domaine-equipe-collaborateurs-preparation-cottage-largeur-1100-200x300.jpg 200w, https:\/\/www.loiseliere.com\/wp-content\/uploads\/2025\/02\/camping-vendee-domaine-equipe-collaborateurs-preparation-cottage-largeur-1100-683x1024.jpg 683w, https:\/\/www.loiseliere.com\/wp-content\/uploads\/2025\/02\/camping-vendee-domaine-equipe-collaborateurs-preparation-cottage-largeur-1100-768x1152.jpg 768w, https:\/\/www.loiseliere.com\/wp-content\/uploads\/2025\/02\/camping-vendee-domaine-equipe-collaborateurs-preparation-cottage-largeur-1100-1024x1536.jpg 1024w\" sizes=\"(max-width: 1100px) 100vw, 1100px\" \/>\t\t\t\t\t<\/a>\n\t\t\t<\/div>\n<\/div>\n<div class=\"qodef-e qodef-image-wrapper qodef-grid-item\">\n\t<div class=\"qodef-e-inner\">\n\t\t\t\t\t<a class=\"qodef-popup-item\" itemprop=\"image\" href=\"https:\/\/www.loiseliere.com\/wp-content\/uploads\/2025\/02\/lodge-5-personnes-exterieur-terrasse-bois-largeur-1100.jpg\" data-type=\"image\" data-fslightbox=\"gallery-444\">\n\t\t\t\t\t<img loading=\"lazy\" decoding=\"async\" width=\"1100\" height=\"1650\" src=\"https:\/\/www.loiseliere.com\/wp-content\/uploads\/2025\/02\/lodge-5-personnes-exterieur-terrasse-bois-largeur-1100.jpg\" class=\"attachment-full size-full\" alt=\"\" srcset=\"https:\/\/www.loiseliere.com\/wp-content\/uploads\/2025\/02\/lodge-5-personnes-exterieur-terrasse-bois-largeur-1100.jpg 1100w, https:\/\/www.loiseliere.com\/wp-content\/uploads\/2025\/02\/lodge-5-personnes-exterieur-terrasse-bois-largeur-1100-200x300.jpg 200w, https:\/\/www.loiseliere.com\/wp-content\/uploads\/2025\/02\/lodge-5-personnes-exterieur-terrasse-bois-largeur-1100-683x1024.jpg 683w, https:\/\/www.loiseliere.com\/wp-content\/uploads\/2025\/02\/lodge-5-personnes-exterieur-terrasse-bois-largeur-1100-768x1152.jpg 768w, https:\/\/www.loiseliere.com\/wp-content\/uploads\/2025\/02\/lodge-5-personnes-exterieur-terrasse-bois-largeur-1100-1024x1536.jpg 1024w\" sizes=\"(max-width: 1100px) 100vw, 1100px\" \/>\t\t\t\t\t<\/a>\n\t\t\t<\/div>\n<\/div>\n\t<\/div>\n<\/div>\n\t\t\t\t<\/div>\n\t\t\t\t<\/div>\n\t\t\t\t\t<\/div>\n\t\t<\/div>\n\t\t\t\t\t<\/div>\n\t\t<\/section>\n\t\t\t\t<section class=\"elementor-section elementor-top-section elementor-element elementor-element-1d8ab598 elementor-section-full_width elementor-section-height-default elementor-section-height-default qodef-elementor-content-no\" data-id=\"1d8ab598\" data-element_type=\"section\">\n\t\t\t\t\t\t<div class=\"elementor-container elementor-column-gap-no\">\n\t\t\t\t\t<div class=\"elementor-column elementor-col-33 elementor-top-column elementor-element elementor-element-3681211a\" data-id=\"3681211a\" data-element_type=\"column\" data-settings=\"{&quot;background_background&quot;:&quot;classic&quot;}\">\n\t\t\t<div class=\"elementor-widget-wrap elementor-element-populated\">\n\t\t\t\t\t\t<div class=\"elementor-element elementor-element-6c8c8d10 elementor-widget elementor-widget-text-editor\" data-id=\"6c8c8d10\" data-element_type=\"widget\" data-widget_type=\"text-editor.default\">\n\t\t\t\t<div class=\"elementor-widget-container\">\n\t\t\t\t\t\t\t\t\t<h3 style=\"text-align: left;\">Unsere Einsparungen sind real und wir wollen noch mehr tun!<\/h3>\t\t\t\t\t\t\t\t<\/div>\n\t\t\t\t<\/div>\n\t\t\t\t<div class=\"elementor-element elementor-element-3c26880e elementor-widget elementor-widget-text-editor\" data-id=\"3c26880e\" data-element_type=\"widget\" data-widget_type=\"text-editor.default\">\n\t\t\t\t<div class=\"elementor-widget-container\">\n\t\t\t\t\t\t\t\t\t<p>Dank unseres Engagements und dem unserer G\u00e4ste haben wir zwischen 2018 und 2019 unseren Energieverbrauch wie folgt gesenkt :<\/p><ul><li>Strom -10%.<\/li><li>Wasser -7%<\/li><\/ul><p>Wir sind dankbar und sehr zufrieden!<\/p><p>Zur St\u00e4rkung unseres Engagements f\u00fcr die Umwelt haben wir folgende Projekte :<\/p><ul><li>Ausbau der Partnerschaften mit lokalen und Bio-Produzenten f\u00fcr Lebensmittelladen und Gastronomie<\/li><li>Erweiterung des Bio-Mitmach-Gem\u00fcsegartens<\/li><li>Installation von photovoltaischen und thermischen Sonnenkollektoren<\/li><\/ul>\t\t\t\t\t\t\t\t<\/div>\n\t\t\t\t<\/div>\n\t\t\t\t\t<\/div>\n\t\t<\/div>\n\t\t\t\t<div class=\"elementor-column elementor-col-66 elementor-top-column elementor-element elementor-element-668b97ca\" data-id=\"668b97ca\" data-element_type=\"column\">\n\t\t\t<div class=\"elementor-widget-wrap elementor-element-populated\">\n\t\t\t\t\t\t<div class=\"elementor-element elementor-element-68cc0bb0 elementor-widget__width-inherit elementor-widget elementor-widget-image\" data-id=\"68cc0bb0\" data-element_type=\"widget\" data-widget_type=\"image.default\">\n\t\t\t\t<div class=\"elementor-widget-container\">\n\t\t\t\t\t\t\t\t\t\t\t\t\t\t\t<img loading=\"lazy\" decoding=\"async\" width=\"1100\" height=\"1649\" src=\"https:\/\/www.loiseliere.com\/wp-content\/uploads\/2025\/11\/domaine-camping-fleurs-potager-herbes-aromatiques-largeur-1100.jpg\" class=\"attachment-full size-full wp-image-31660\" alt=\"\" srcset=\"https:\/\/www.loiseliere.com\/wp-content\/uploads\/2025\/11\/domaine-camping-fleurs-potager-herbes-aromatiques-largeur-1100.jpg 1100w, https:\/\/www.loiseliere.com\/wp-content\/uploads\/2025\/11\/domaine-camping-fleurs-potager-herbes-aromatiques-largeur-1100-200x300.jpg 200w, https:\/\/www.loiseliere.com\/wp-content\/uploads\/2025\/11\/domaine-camping-fleurs-potager-herbes-aromatiques-largeur-1100-683x1024.jpg 683w, https:\/\/www.loiseliere.com\/wp-content\/uploads\/2025\/11\/domaine-camping-fleurs-potager-herbes-aromatiques-largeur-1100-768x1151.jpg 768w, https:\/\/www.loiseliere.com\/wp-content\/uploads\/2025\/11\/domaine-camping-fleurs-potager-herbes-aromatiques-largeur-1100-1025x1536.jpg 1025w\" sizes=\"(max-width: 1100px) 100vw, 1100px\" \/>\t\t\t\t\t\t\t\t\t\t\t\t\t\t\t<\/div>\n\t\t\t\t<\/div>\n\t\t\t\t\t<\/div>\n\t\t<\/div>\n\t\t\t\t\t<\/div>\n\t\t<\/section>\n\t\t\t\t<section class=\"elementor-section elementor-top-section elementor-element elementor-element-c158685 elementor-section-boxed elementor-section-height-default elementor-section-height-default qodef-elementor-content-no\" data-id=\"c158685\" data-element_type=\"section\">\n\t\t\t\t\t\t<div class=\"elementor-container elementor-column-gap-default\">\n\t\t\t\t\t<div class=\"elementor-column elementor-col-100 elementor-top-column elementor-element elementor-element-42cf6827\" data-id=\"42cf6827\" data-element_type=\"column\">\n\t\t\t<div class=\"elementor-widget-wrap elementor-element-populated\">\n\t\t\t\t\t\t<div class=\"elementor-element elementor-element-7aedbf68 elementor-widget elementor-widget-text-editor\" data-id=\"7aedbf68\" data-element_type=\"widget\" data-widget_type=\"text-editor.default\">\n\t\t\t\t<div class=\"elementor-widget-container\">\n\t\t\t\t\t\t\t\t\t<h2 style=\"text-align: center;\">Auf dem Campingplatz Domaine de l&#8217;Oiseli\u00e8re : der Natur ihren Platz zur\u00fcckgeben<\/h2><p style=\"text-align: center;\">Die Natur wird oft als eine eigenst\u00e4ndige Sache mit klaren Konturen betrachtet, als ein Element, das sich insbesondere von uns unterscheidet. Aber wir sind als Menschen ein Teil der Natur. Somit ist alles ein Teil der Natur. \u00ab Der Natur ihren Platz zur\u00fcckzugeben \u00bb bedeutet, sich selbst einen Platz zur\u00fcckzugeben, die Natur aufzuwerten, bedeutet, sich selbst aufzuwerten. Diese Idee stammt nicht von mir Aber ich finde, sie passt gut zu der Art und Weise, wie wir versuchen, hier zu leben.<\/p>\t\t\t\t\t\t\t\t<\/div>\n\t\t\t\t<\/div>\n\t\t\t\t\t<\/div>\n\t\t<\/div>\n\t\t\t\t\t<\/div>\n\t\t<\/section>\n\t\t\t\t<section class=\"elementor-section elementor-top-section elementor-element elementor-element-6b4e66b5 elementor-section-full_width elementor-section-height-default elementor-section-height-default qodef-elementor-content-no\" data-id=\"6b4e66b5\" data-element_type=\"section\">\n\t\t\t\t\t\t<div class=\"elementor-container elementor-column-gap-no\">\n\t\t\t\t\t<div class=\"elementor-column elementor-col-100 elementor-top-column elementor-element elementor-element-1ee9df0a\" data-id=\"1ee9df0a\" data-element_type=\"column\" data-settings=\"{&quot;background_background&quot;:&quot;classic&quot;}\">\n\t\t\t<div class=\"elementor-widget-wrap elementor-element-populated\">\n\t\t\t\t\t\t<div class=\"elementor-element elementor-element-41d508cc elementor-widget elementor-widget-text-editor\" data-id=\"41d508cc\" data-element_type=\"widget\" data-widget_type=\"text-editor.default\">\n\t\t\t\t<div class=\"elementor-widget-container\">\n\t\t\t\t\t\t\t\t\t<h3 style=\"text-align: center;\">Bepflanzung von vielen B\u00e4umen und Str\u00e4uchern ! Jedes Jahr !<\/h3><p style=\"text-align: center;\">Als wir 2014 zum ersten Mal nach l&#8217;Oiseli\u00e8re kamen, fielen uns sofort die vielen gro\u00dfen, \u00fcber hundert Jahre alten Eichen auf. Es gab auch andere B\u00e4ume und Hecken. Wir k\u00f6nnen sagen, dass die Natur dort bereits au\u00dfergew\u00f6hnlich war. Es gab jedoch wenig Vegetation von geringer H\u00f6he, d.h. zwischen 30 cm und 2 m H\u00f6he. Gemeinsam mit Erwan Dessberg, Landschaftsarchitekt, haben wir dann die Vegetation fertig gestellt. Es ging darum, Sorten von eher Bocage-Pflanzen zu pflanzen, die wenig Pflege ben\u00f6tigen, trockenheitsresistent sind und schnell wachsen. Es mag kompliziert erscheinen, die entsprechenden B\u00e4ume und Str\u00e4ucher zu finden, aber die Natur ist gut gemacht ! Wir haben unser Pflanzprogramm im Jahr 2015 gestartet und seitdem \u00fcber 3000 B\u00e4ume und Str\u00e4ucher gepflanzt. Die nat\u00fcrliche Umgebung der Domaine de l&#8217;Oiseli\u00e8re wird wirklich au\u00dfergew\u00f6hnlich.<br \/>Hier eine \u00dcbersicht dessen, was wir gepflanzt haben :<br \/>Quercus palustris (Sumpfeiche)<br \/>Quercus robur (Stieleiche)<br \/>Robinia pseudoacacia (Robinie)<br \/>Acer campestre (Feldahorn)<br \/>Fraxinus ornus oder excelsior (Esche)<br \/>Gleditsia triacanthos (Amerikanische Heuschrecke)<br \/>Castanea sativa (Kastanie)<br \/>Vitex agnus castus (Pfefferbaum)<br \/>Ligustrum vulgare (gemeiner Liguster)<br \/>Cornus (Hartriegel)<br \/>Carpinus betulus (Hainbuche)<br \/>Corylus avellana (Haselnussstrauch)<br \/>Miscanthus sinensis (Hohe Grahalme, Schilf)<br \/>Verbena bonariensis (Buenos-Aires-Eisenkraut)<br \/>Gaura lindheimeri (60 cm hohe Staude mit wei\u00dfen Bl\u00fcten)<br \/><br \/><\/p><p style=\"text-align: center;\">Das ist nat\u00fcrlich nur ein kleiner Teil dessen, was wir gepflanzt haben!<\/p><p style=\"text-align: center;\">Wir waren nicht in der Lage, die gesamte Pflanzung selbst vorzunehmen, also wandten wir uns an Familie, Freunde und sogar die \u00e4lteren Einwohner von Chauch\u00e9. Diese k\u00f6rperlichen Arbeiten, bei denen unsere H\u00e4nde mit der Erde und den Pflanzen in Ber\u00fchrung kommen, bringen uns wieder in Verbindung mit dem Lebendigen, dem Konkreten, dem Wahren. Sie sind auch immer eine Gelegenheit f\u00fcr einen bereichernden Austausch.<\/p>\t\t\t\t\t\t\t\t<\/div>\n\t\t\t\t<\/div>\n\t\t\t\t\t<\/div>\n\t\t<\/div>\n\t\t\t\t\t<\/div>\n\t\t<\/section>\n\t\t\t\t<section class=\"elementor-section elementor-top-section elementor-element elementor-element-213fc903 elementor-section-full_width elementor-section-height-default elementor-section-height-default qodef-elementor-content-no\" data-id=\"213fc903\" data-element_type=\"section\">\n\t\t\t\t\t\t<div class=\"elementor-container elementor-column-gap-default\">\n\t\t\t\t\t<div class=\"elementor-column elementor-col-100 elementor-top-column elementor-element elementor-element-443e652a\" data-id=\"443e652a\" data-element_type=\"column\">\n\t\t\t<div class=\"elementor-widget-wrap elementor-element-populated\">\n\t\t\t\t\t\t<div class=\"elementor-element elementor-element-6e84f5fd elementor-absolute elementor-widget-tablet__width-initial elementor-hidden-mobile elementor-widget elementor-widget-image\" data-id=\"6e84f5fd\" data-element_type=\"widget\" data-settings=\"{&quot;_position&quot;:&quot;absolute&quot;}\" data-widget_type=\"image.default\">\n\t\t\t\t<div class=\"elementor-widget-container\">\n\t\t\t\t\t\t\t\t\t\t\t\t\t\t\t<img decoding=\"async\" width=\"339\" height=\"286\" src=\"https:\/\/www.loiseliere.com\/wp-content\/uploads\/2020\/03\/fleurs-logo-oiseliere.png\" class=\"attachment-full size-full wp-image-4858\" alt=\"Fleur du logo de l&#039;Oiseli\u00e8re\" srcset=\"https:\/\/www.loiseliere.com\/wp-content\/uploads\/2020\/03\/fleurs-logo-oiseliere.png 339w, https:\/\/www.loiseliere.com\/wp-content\/uploads\/2020\/03\/fleurs-logo-oiseliere-300x253.png 300w\" sizes=\"(max-width: 339px) 100vw, 339px\" \/>\t\t\t\t\t\t\t\t\t\t\t\t\t\t\t<\/div>\n\t\t\t\t<\/div>\n\t\t\t\t<div class=\"elementor-element elementor-element-2c2925ca elementor-widget elementor-widget-qi_addons_for_elementor_image_gallery\" data-id=\"2c2925ca\" data-element_type=\"widget\" data-widget_type=\"qi_addons_for_elementor_image_gallery.default\">\n\t\t\t\t<div class=\"elementor-widget-container\">\n\t\t\t\t\t<div class=\"qodef-shortcode qodef-m qodef-qi-image-gallery qodef-qi-fslightbox-popup qodef-popup-gallery qodef-image--hover-zoom qodef-qi-grid qodef-layout--qi-columns qodef-col-num--1 qodef-responsive--predefined\">\n\t<div class=\"qodef-grid-inner\">\n\t\t<div class=\"qodef-e qodef-image-wrapper qodef-grid-item\">\n\t<div class=\"qodef-e-inner\">\n\t\t\t\t\t<a class=\"qodef-popup-item\" itemprop=\"image\" href=\"https:\/\/www.loiseliere.com\/wp-content\/uploads\/2023\/03\/famille-herbe-campagne-largeur-1280.jpg\" data-type=\"image\" data-fslightbox=\"gallery-788\">\n\t\t\t\t\t<img loading=\"lazy\" decoding=\"async\" width=\"1280\" height=\"854\" src=\"https:\/\/www.loiseliere.com\/wp-content\/uploads\/2023\/03\/famille-herbe-campagne-largeur-1280.jpg\" class=\"attachment-full size-full\" alt=\"famille herbe campagne\" srcset=\"https:\/\/www.loiseliere.com\/wp-content\/uploads\/2023\/03\/famille-herbe-campagne-largeur-1280.jpg 1280w, https:\/\/www.loiseliere.com\/wp-content\/uploads\/2023\/03\/famille-herbe-campagne-largeur-1280-300x200.jpg 300w, https:\/\/www.loiseliere.com\/wp-content\/uploads\/2023\/03\/famille-herbe-campagne-largeur-1280-1024x683.jpg 1024w, https:\/\/www.loiseliere.com\/wp-content\/uploads\/2023\/03\/famille-herbe-campagne-largeur-1280-768x512.jpg 768w\" sizes=\"(max-width: 1280px) 100vw, 1280px\" \/>\t\t\t\t\t<\/a>\n\t\t\t<\/div>\n<\/div>\n\t<\/div>\n<\/div>\n\t\t\t\t<\/div>\n\t\t\t\t<\/div>\n\t\t\t\t<section class=\"elementor-section elementor-inner-section elementor-element elementor-element-25330f09 elementor-section-boxed elementor-section-height-default elementor-section-height-default qodef-elementor-content-no\" data-id=\"25330f09\" data-element_type=\"section\" data-settings=\"{&quot;background_background&quot;:&quot;classic&quot;}\">\n\t\t\t\t\t\t\t<div class=\"elementor-background-overlay\"><\/div>\n\t\t\t\t\t\t\t<div class=\"elementor-container elementor-column-gap-default\">\n\t\t\t\t\t<div class=\"elementor-column elementor-col-100 elementor-inner-column elementor-element elementor-element-61a24aa9\" data-id=\"61a24aa9\" data-element_type=\"column\">\n\t\t\t<div class=\"elementor-widget-wrap elementor-element-populated\">\n\t\t\t\t\t\t<div class=\"elementor-element elementor-element-5d55d0d3 elementor-widget elementor-widget-text-editor\" data-id=\"5d55d0d3\" data-element_type=\"widget\" data-widget_type=\"text-editor.default\">\n\t\t\t\t<div class=\"elementor-widget-container\">\n\t\t\t\t\t\t\t\t\t<h3>Permakultur auf dem Campingplatz<\/h3><p>Wir haben 2017 ein kleines Permakultur-Gem\u00fcsegartenprojekt gestartet. Dieses Konzept entspricht voll und ganz unseren Werten. Die Id\u00e9e ist , dass die Natur sich ausbreiten kann. Durch die Wahl der richtigen Pflanzenkombinationen wird sich jede Pflanze dank ihrer Nachbarn optimal entwickeln k\u00f6nnen. Wir beobachten die Natur und versuchen, das virtuose Funktionieren von \u00d6kosystemen im Ma\u00dfstab eines Gem\u00fcsegartens nachzubilden. Wir bewegen die Erde nicht tief, um die vorhandenen lebenden Organismen nicht zu st\u00f6ren.<\/p><p>Unser Gem\u00fcsegarten ist derzeit 35 m\u00b2 gro\u00df und wir planen, ihn auf eine Fl\u00e4che von ca. 100 m\u00b2 zu erweitern.<br \/>Es g\u00e4be also mehr zu tun und Sie k\u00f6nnten mithelfen ! Unkraut entfernen, ernten, gie\u00dfen, &#8230; Das w\u00e4re eine neue Familienaktivit\u00e4t, denn die Kleinen stecken besonders gerne ihre H\u00e4nde in die Erde ! Unser Ziel ist es auch, im Juli und August Obst, Gem\u00fcse und aromatische Pflanzen f\u00fcr unser Restaurant \u00ab La Petite Table de l&#8217;Oiseli\u00e8re \u00bb zu produzieren.<br \/>Wir planen auch, einen Obstgarten anzulegen. Mit einer guten Apfelernte k\u00f6nnten wir einen Apfelsaft \u00ab made in l&#8217;Oiseli\u00e8re \u00bb herstellen lassen !<\/p>\t\t\t\t\t\t\t\t<\/div>\n\t\t\t\t<\/div>\n\t\t\t\t\t<\/div>\n\t\t<\/div>\n\t\t\t\t\t<\/div>\n\t\t<\/section>\n\t\t\t\t<div class=\"elementor-element elementor-element-73d8464b elementor-widget elementor-widget-qi_addons_for_elementor_image_gallery\" data-id=\"73d8464b\" data-element_type=\"widget\" data-widget_type=\"qi_addons_for_elementor_image_gallery.default\">\n\t\t\t\t<div class=\"elementor-widget-container\">\n\t\t\t\t\t<div class=\"qodef-shortcode qodef-m qodef-qi-image-gallery qodef-qi-fslightbox-popup qodef-popup-gallery qodef-image--hover-zoom qodef-qi-grid qodef-layout--qi-columns qodef-col-num--3 qodef-responsive--custom qodef-col-num--1680--3 qodef-col-num--1440--3 qodef-col-num--1366--3 qodef-col-num--1024--3 qodef-col-num--768--3 qodef-col-num--680--1 qodef-col-num--480--1\">\n\t<div class=\"qodef-grid-inner\">\n\t\t<div class=\"qodef-e qodef-image-wrapper qodef-grid-item\">\n\t<div class=\"qodef-e-inner\">\n\t\t\t\t\t<a class=\"qodef-popup-item\" itemprop=\"image\" href=\"https:\/\/www.loiseliere.com\/wp-content\/uploads\/2023\/03\/cerf-volant-plaine-largeur-768.jpg\" data-type=\"image\" data-fslightbox=\"gallery-427\">\n\t\t\t\t\t<img loading=\"lazy\" decoding=\"async\" width=\"768\" height=\"1152\" src=\"https:\/\/www.loiseliere.com\/wp-content\/uploads\/2023\/03\/cerf-volant-plaine-largeur-768.jpg\" class=\"attachment-full size-full\" alt=\"cerf-volant-plaine\" srcset=\"https:\/\/www.loiseliere.com\/wp-content\/uploads\/2023\/03\/cerf-volant-plaine-largeur-768.jpg 768w, https:\/\/www.loiseliere.com\/wp-content\/uploads\/2023\/03\/cerf-volant-plaine-largeur-768-200x300.jpg 200w, https:\/\/www.loiseliere.com\/wp-content\/uploads\/2023\/03\/cerf-volant-plaine-largeur-768-683x1024.jpg 683w\" sizes=\"(max-width: 768px) 100vw, 768px\" \/>\t\t\t\t\t<\/a>\n\t\t\t<\/div>\n<\/div>\n<div class=\"qodef-e qodef-image-wrapper qodef-grid-item\">\n\t<div class=\"qodef-e-inner\">\n\t\t\t\t\t<a class=\"qodef-popup-item\" itemprop=\"image\" href=\"https:\/\/www.loiseliere.com\/wp-content\/uploads\/2023\/03\/couple-terrasse-largeur-768.jpg\" data-type=\"image\" data-fslightbox=\"gallery-427\">\n\t\t\t\t\t<img loading=\"lazy\" decoding=\"async\" width=\"768\" height=\"1152\" src=\"https:\/\/www.loiseliere.com\/wp-content\/uploads\/2023\/03\/couple-terrasse-largeur-768.jpg\" class=\"attachment-full size-full\" alt=\"couple terrasse\" srcset=\"https:\/\/www.loiseliere.com\/wp-content\/uploads\/2023\/03\/couple-terrasse-largeur-768.jpg 768w, https:\/\/www.loiseliere.com\/wp-content\/uploads\/2023\/03\/couple-terrasse-largeur-768-200x300.jpg 200w, https:\/\/www.loiseliere.com\/wp-content\/uploads\/2023\/03\/couple-terrasse-largeur-768-683x1024.jpg 683w\" sizes=\"(max-width: 768px) 100vw, 768px\" \/>\t\t\t\t\t<\/a>\n\t\t\t<\/div>\n<\/div>\n<div class=\"qodef-e qodef-image-wrapper qodef-grid-item\">\n\t<div class=\"qodef-e-inner\">\n\t\t\t\t\t<a class=\"qodef-popup-item\" itemprop=\"image\" href=\"https:\/\/www.loiseliere.com\/wp-content\/uploads\/2023\/03\/potager-aromatique-largeur-768.jpg\" data-type=\"image\" data-fslightbox=\"gallery-427\">\n\t\t\t\t\t<img loading=\"lazy\" decoding=\"async\" width=\"768\" height=\"1152\" src=\"https:\/\/www.loiseliere.com\/wp-content\/uploads\/2023\/03\/potager-aromatique-largeur-768.jpg\" class=\"attachment-full size-full\" alt=\"potager aromatique\" srcset=\"https:\/\/www.loiseliere.com\/wp-content\/uploads\/2023\/03\/potager-aromatique-largeur-768.jpg 768w, https:\/\/www.loiseliere.com\/wp-content\/uploads\/2023\/03\/potager-aromatique-largeur-768-200x300.jpg 200w, https:\/\/www.loiseliere.com\/wp-content\/uploads\/2023\/03\/potager-aromatique-largeur-768-683x1024.jpg 683w\" sizes=\"(max-width: 768px) 100vw, 768px\" \/>\t\t\t\t\t<\/a>\n\t\t\t<\/div>\n<\/div>\n\t<\/div>\n<\/div>\n\t\t\t\t<\/div>\n\t\t\t\t<\/div>\n\t\t\t\t\t<\/div>\n\t\t<\/div>\n\t\t\t\t\t<\/div>\n\t\t<\/section>\n\t\t\t\t<section class=\"elementor-section elementor-top-section elementor-element elementor-element-ada224c elementor-section-boxed elementor-section-height-default elementor-section-height-default qodef-elementor-content-no\" data-id=\"ada224c\" data-element_type=\"section\">\n\t\t\t\t\t\t<div class=\"elementor-container elementor-column-gap-default\">\n\t\t\t\t\t<div class=\"elementor-column elementor-col-100 elementor-top-column elementor-element elementor-element-f969796\" data-id=\"f969796\" data-element_type=\"column\">\n\t\t\t<div class=\"elementor-widget-wrap elementor-element-populated\">\n\t\t\t\t\t\t<div class=\"elementor-element elementor-element-2ce460f elementor-widget elementor-widget-text-editor\" data-id=\"2ce460f\" data-element_type=\"widget\" data-widget_type=\"text-editor.default\">\n\t\t\t\t<div class=\"elementor-widget-container\">\n\t\t\t\t\t\t\t\t\t<h2 style=\"text-align: center;\">Unsere Umwelt-&#8222;Labels&#8220;<\/h2><blockquote><p>Wie k\u00f6nnen wir unsere Umweltma\u00dfnahmen aufwerten, wie k\u00f6nnen wir dieses Engagement fortsetzen und uns jeden Tag verbessern ? Die Umwelt-&#8222;Labels&#8220;<br \/>sind ein Teil der Antwort und wir haben schon drei davon !<\/p><\/blockquote>\t\t\t\t\t\t\t\t<\/div>\n\t\t\t\t<\/div>\n\t\t\t\t\t<\/div>\n\t\t<\/div>\n\t\t\t\t\t<\/div>\n\t\t<\/section>\n\t\t\t\t<section class=\"elementor-section elementor-top-section elementor-element elementor-element-6ea40b0 elementor-section-full_width elementor-section-height-default elementor-section-height-default qodef-elementor-content-no\" data-id=\"6ea40b0\" data-element_type=\"section\">\n\t\t\t\t\t\t<div class=\"elementor-container elementor-column-gap-no\">\n\t\t\t\t\t<div class=\"elementor-column elementor-col-100 elementor-top-column elementor-element elementor-element-960717e\" data-id=\"960717e\" data-element_type=\"column\" data-settings=\"{&quot;background_background&quot;:&quot;classic&quot;}\">\n\t\t\t<div class=\"elementor-widget-wrap elementor-element-populated\">\n\t\t\t\t\t\t<div class=\"elementor-element elementor-element-0ad26be elementor-widget elementor-widget-text-editor\" data-id=\"0ad26be\" data-element_type=\"widget\" data-widget_type=\"text-editor.default\">\n\t\t\t\t<div class=\"elementor-widget-container\">\n\t\t\t\t\t\t\t\t\t<h3 style=\"text-align: center;\">Das europ\u00e4ische Umweltzeichen<\/h3><p>Die \u00ab Domaine de l&#8217;Oiseli\u00e8re \u00bb ist mit dem Europ\u00e4ischen Umweltzeichen f\u00fcr Campingpl\u00e4tze ausgezeichnet ! Was bedeutet dieses Label ? Das 2005 geschaffene EU-Umweltzeichen ist eine Garantie daf\u00fcr, dass die Einrichtung, in der Sie sich aufhalten, die folgenden Richtlinien aufweist :<\/p><p style=\"text-align: center;\"><img loading=\"lazy\" decoding=\"async\" class=\" wp-image-11063 alignleft\" src=\"https:\/\/www.loiseliere.com\/wp-content\/uploads\/2023\/03\/logo-ecolabel-domaine-oiseliere-266x300.png\" alt=\"logo ecolabel domaine oiseliere\" width=\"148\" height=\"167\" srcset=\"https:\/\/www.loiseliere.com\/wp-content\/uploads\/2023\/03\/logo-ecolabel-domaine-oiseliere-266x300.png 266w, https:\/\/www.loiseliere.com\/wp-content\/uploads\/2023\/03\/logo-ecolabel-domaine-oiseliere.png 521w\" sizes=\"(max-width: 148px) 100vw, 148px\" \/><\/p><p>geringer Energieverbrauch<br \/>geringer Wasserverbrauch<br \/>geringe Abfallerzeugung<br \/>Einsatz erneuerbarer Energiequellen und weniger umweltsch\u00e4dlicher Stoffe.<br \/>Kommunikation und Aufkl\u00e4rung der G\u00e4ste \u00fcber Umwelt<\/p><p>Die Betriebe erf\u00fcllen strenge Kriterien, die in Lastenheften f\u00fcr alle L\u00e4nder der Europ\u00e4ischen Union beschrieben sind. Es ist das einzige offizielle europ\u00e4ische Umweltzeichen, das in allen Mitgliedsl\u00e4ndern der Europ\u00e4ischen Union verwendet werden kann. Es wird in Frankreich von AFNOR Certification ausgestellt, einer unabh\u00e4ngigen Zertifizierungsstelle nach Audits vor Ort. Es ist eine Marke zur Zertifizierung von Produkten und Dienstleistungen. Sie ist das anspruchsvollste Umweltzeichen ! Dank dieses Labels konnten wir unsere Aktionen formalisieren : Dokumente zur Verbrauchskontrolle, Abfallentsorgung, Entwicklung einer \u00ab gr\u00fcnen \u00ab Einkaufspolitik&#8230; Wir sind bereits seit 7 Jahren mit dem Label ausgezeichnet und das Abenteuer geht weiter !<\/p>\t\t\t\t\t\t\t\t<\/div>\n\t\t\t\t<\/div>\n\t\t\t\t\t<\/div>\n\t\t<\/div>\n\t\t\t\t\t<\/div>\n\t\t<\/section>\n\t\t\t\t<section class=\"elementor-section elementor-top-section elementor-element elementor-element-4a065c5 elementor-section-full_width elementor-section-height-default elementor-section-height-default qodef-elementor-content-no\" data-id=\"4a065c5\" data-element_type=\"section\">\n\t\t\t\t\t\t<div class=\"elementor-container elementor-column-gap-default\">\n\t\t\t\t\t<div class=\"elementor-column elementor-col-66 elementor-top-column elementor-element elementor-element-5722f8f6\" data-id=\"5722f8f6\" data-element_type=\"column\">\n\t\t\t<div class=\"elementor-widget-wrap elementor-element-populated\">\n\t\t\t\t\t\t<div class=\"elementor-element elementor-element-3ad98e86 elementor-widget elementor-widget-image\" data-id=\"3ad98e86\" data-element_type=\"widget\" data-widget_type=\"image.default\">\n\t\t\t\t<div class=\"elementor-widget-container\">\n\t\t\t\t\t\t\t\t\t\t\t\t\t\t\t<img loading=\"lazy\" decoding=\"async\" width=\"636\" height=\"424\" src=\"https:\/\/www.loiseliere.com\/wp-content\/uploads\/2023\/03\/cottage-original-hebergement-insolite-soleil-636-424.jpg\" class=\"attachment-full size-full wp-image-9047\" alt=\"\" srcset=\"https:\/\/www.loiseliere.com\/wp-content\/uploads\/2023\/03\/cottage-original-hebergement-insolite-soleil-636-424.jpg 636w, https:\/\/www.loiseliere.com\/wp-content\/uploads\/2023\/03\/cottage-original-hebergement-insolite-soleil-636-424-300x200.jpg 300w\" sizes=\"(max-width: 636px) 100vw, 636px\" \/>\t\t\t\t\t\t\t\t\t\t\t\t\t\t\t<\/div>\n\t\t\t\t<\/div>\n\t\t\t\t\t<\/div>\n\t\t<\/div>\n\t\t\t\t<div class=\"elementor-column elementor-col-33 elementor-top-column elementor-element elementor-element-206d7609\" data-id=\"206d7609\" data-element_type=\"column\" data-settings=\"{&quot;background_background&quot;:&quot;classic&quot;}\">\n\t\t\t<div class=\"elementor-widget-wrap elementor-element-populated\">\n\t\t\t\t\t\t<div class=\"elementor-element elementor-element-787f3488 elementor-widget elementor-widget-text-editor\" data-id=\"787f3488\" data-element_type=\"widget\" data-widget_type=\"text-editor.default\">\n\t\t\t\t<div class=\"elementor-widget-container\">\n\t\t\t\t\t\t\t\t\t<h3>Das Label \u00ab Clef Verte \u00bb<\/h3><p style=\"text-align: left;\">Wir haben das Label \u00ab Clef Verte \u00bb im Jahr 2020 erhalten. Es hat sich in den letzten Jahren im Beherbergungs- und Tourismussektor klar durchgesetzt und ist unverzichtbar geworden. In dem Jahr, in dem wir das Label erhalten haben, hatten wir das Vergn\u00fcgen, Cl\u00e9ment Lanoue oder &#8222;Cl\u00e9ment l&#8217;incruste&#8220; auf der Domaine zu begr\u00fc\u00dfen, um \u00fcber dieses Label auszutauschen !<\/p><p style=\"text-align: left;\"><img loading=\"lazy\" decoding=\"async\" class=\" wp-image-11056 aligncenter\" src=\"https:\/\/www.loiseliere.com\/wp-content\/uploads\/2023\/03\/logo-clef-verte-262x300.jpg\" alt=\"logo clef verte\" width=\"109\" height=\"124\" srcset=\"https:\/\/www.loiseliere.com\/wp-content\/uploads\/2023\/03\/logo-clef-verte-262x300.jpg 262w, https:\/\/www.loiseliere.com\/wp-content\/uploads\/2023\/03\/logo-clef-verte.jpg 349w\" sizes=\"(max-width: 109px) 100vw, 109px\" \/><\/p>\t\t\t\t\t\t\t\t<\/div>\n\t\t\t\t<\/div>\n\t\t\t\t\t<\/div>\n\t\t<\/div>\n\t\t\t\t\t<\/div>\n\t\t<\/section>\n\t\t\t\t<section class=\"elementor-section elementor-top-section elementor-element elementor-element-af2d3bb elementor-section-full_width elementor-section-height-default elementor-section-height-default qodef-elementor-content-no\" data-id=\"af2d3bb\" data-element_type=\"section\">\n\t\t\t\t\t\t<div class=\"elementor-container elementor-column-gap-no\">\n\t\t\t\t\t<div class=\"elementor-column elementor-col-33 elementor-top-column elementor-element elementor-element-5256935\" data-id=\"5256935\" data-element_type=\"column\" data-settings=\"{&quot;background_background&quot;:&quot;classic&quot;}\">\n\t\t\t<div class=\"elementor-widget-wrap elementor-element-populated\">\n\t\t\t\t\t\t<div class=\"elementor-element elementor-element-91b488d elementor-widget elementor-widget-text-editor\" data-id=\"91b488d\" data-element_type=\"widget\" data-widget_type=\"text-editor.default\">\n\t\t\t\t<div class=\"elementor-widget-container\">\n\t\t\t\t\t\t\t\t\t<h3>Das Label \u00ab Charte + nature \u00bb<\/h3>\t\t\t\t\t\t\t\t<\/div>\n\t\t\t\t<\/div>\n\t\t\t\t<div class=\"elementor-element elementor-element-3a6409f elementor-widget elementor-widget-text-editor\" data-id=\"3a6409f\" data-element_type=\"widget\" data-widget_type=\"text-editor.default\">\n\t\t\t\t<div class=\"elementor-widget-container\">\n\t\t\t\t\t\t\t\t\t<p>Wir haben dieses Label vor kurzem erhalten und geh\u00f6ren zu den ersten in Frankreich. Es ist das erste Label, das die \u00f6kologische und nachhaltige Verwaltung unserer Naturr\u00e4ume klar aufwertet. Die Aufwertung und Entwicklung der Biodiversit\u00e4t ist ein wichtiger Schwerpunkt des Labels. Wie wir das gewohnheitsm\u00e4ssig mit Labels machen , so verwenden wir auch hier die \u00ab Charte + nature \u00bb, um einen Aktionsplan f\u00fcr unseren \u00f6kologischen Campingplatz in der Vend\u00e9e zu erstellen und unsere Arbeitsweise zu verbessern.<\/p>\t\t\t\t\t\t\t\t<\/div>\n\t\t\t\t<\/div>\n\t\t\t\t\t<\/div>\n\t\t<\/div>\n\t\t\t\t<div class=\"elementor-column elementor-col-66 elementor-top-column elementor-element elementor-element-41c50bd\" data-id=\"41c50bd\" data-element_type=\"column\">\n\t\t\t<div class=\"elementor-widget-wrap elementor-element-populated\">\n\t\t\t\t\t\t<div class=\"elementor-element elementor-element-97fe0bd elementor-widget__width-inherit elementor-widget elementor-widget-image\" data-id=\"97fe0bd\" data-element_type=\"widget\" data-widget_type=\"image.default\">\n\t\t\t\t<div class=\"elementor-widget-container\">\n\t\t\t\t\t\t\t\t\t\t\t\t\t\t\t<img loading=\"lazy\" decoding=\"async\" width=\"768\" height=\"1001\" src=\"https:\/\/www.loiseliere.com\/wp-content\/uploads\/2023\/03\/Logo-charte-plus-nature-largeur-768.jpg\" class=\"attachment-full size-full wp-image-11071\" alt=\"\" srcset=\"https:\/\/www.loiseliere.com\/wp-content\/uploads\/2023\/03\/Logo-charte-plus-nature-largeur-768.jpg 768w, https:\/\/www.loiseliere.com\/wp-content\/uploads\/2023\/03\/Logo-charte-plus-nature-largeur-768-230x300.jpg 230w\" sizes=\"(max-width: 768px) 100vw, 768px\" \/>\t\t\t\t\t\t\t\t\t\t\t\t\t\t\t<\/div>\n\t\t\t\t<\/div>\n\t\t\t\t\t<\/div>\n\t\t<\/div>\n\t\t\t\t\t<\/div>\n\t\t<\/section>\n\t\t\t\t<section class=\"elementor-section elementor-top-section elementor-element elementor-element-2716a710 elementor-section-full_width qodef-elementor-content-grid elementor-section-height-default elementor-section-height-default\" data-id=\"2716a710\" data-element_type=\"section\">\n\t\t\t\t\t\t<div class=\"elementor-container elementor-column-gap-no\">\n\t\t\t\t\t<div class=\"elementor-column elementor-col-33 elementor-top-column elementor-element elementor-element-7e9f3ab4\" data-id=\"7e9f3ab4\" data-element_type=\"column\">\n\t\t\t<div class=\"elementor-widget-wrap elementor-element-populated\">\n\t\t\t\t\t\t<div class=\"elementor-element elementor-element-2f0fa55 elementor-widget elementor-widget-text-editor\" data-id=\"2f0fa55\" data-element_type=\"widget\" data-widget_type=\"text-editor.default\">\n\t\t\t\t<div class=\"elementor-widget-container\">\n\t\t\t\t\t\t\t\t\t<h2 style=\"text-align: center;\">Gibt es noch andere Labels ?<\/h2>\t\t\t\t\t\t\t\t<\/div>\n\t\t\t\t<\/div>\n\t\t\t\t\t<\/div>\n\t\t<\/div>\n\t\t\t\t<div class=\"elementor-column elementor-col-66 elementor-top-column elementor-element elementor-element-6b8fe059\" data-id=\"6b8fe059\" data-element_type=\"column\">\n\t\t\t<div class=\"elementor-widget-wrap elementor-element-populated\">\n\t\t\t\t\t\t<div class=\"elementor-element elementor-element-6ab6c5e0 elementor-widget elementor-widget-text-editor\" data-id=\"6ab6c5e0\" data-element_type=\"widget\" data-widget_type=\"text-editor.default\">\n\t\t\t\t<div class=\"elementor-widget-container\">\n\t\t\t\t\t\t\t\t\t<p>Vielleicht bald das Label &#8222;1% f\u00fcr den Planeten&#8220;? Wir w\u00fcrden dieses sehr gerne erhalten, weil sein Inhalt zu uns passt, und konkret ist : Es besteht darin, jedes Jahr 1% unseres Umsatzes an die Organisation zu spenden, Geld, das zur Finanzierung gr\u00fcner Projekte verwendet wird. Wir denken noch dar\u00fcber nach, aber das Team steht dieser Idee ziemlich positiv gegen\u00fcber !<\/p>\t\t\t\t\t\t\t\t<\/div>\n\t\t\t\t<\/div>\n\t\t\t\t\t<\/div>\n\t\t<\/div>\n\t\t\t\t\t<\/div>\n\t\t<\/section>\n\t\t\t\t<section class=\"elementor-section elementor-top-section elementor-element elementor-element-363a789b elementor-section-full_width elementor-section-height-default elementor-section-height-default qodef-elementor-content-no\" data-id=\"363a789b\" data-element_type=\"section\">\n\t\t\t\t\t\t<div class=\"elementor-container elementor-column-gap-no\">\n\t\t\t\t\t<div class=\"elementor-column elementor-col-33 elementor-top-column elementor-element elementor-element-24a94995\" data-id=\"24a94995\" data-element_type=\"column\" data-settings=\"{&quot;background_background&quot;:&quot;classic&quot;}\">\n\t\t\t<div class=\"elementor-widget-wrap elementor-element-populated\">\n\t\t\t\t\t\t<div class=\"elementor-element elementor-element-43594af2 elementor-widget elementor-widget-text-editor\" data-id=\"43594af2\" data-element_type=\"widget\" data-widget_type=\"text-editor.default\">\n\t\t\t\t<div class=\"elementor-widget-container\">\n\t\t\t\t\t\t\t\t\t<h3 style=\"text-align: left;\">Die gesellschaftliche S\u00e4ule unserer \u00ab CSR &#8211; Corporate Social Responsibility\u00bb- Schritte<\/h3>\t\t\t\t\t\t\t\t<\/div>\n\t\t\t\t<\/div>\n\t\t\t\t<div class=\"elementor-element elementor-element-5e8e76c2 elementor-widget elementor-widget-text-editor\" data-id=\"5e8e76c2\" data-element_type=\"widget\" data-widget_type=\"text-editor.default\">\n\t\t\t\t<div class=\"elementor-widget-container\">\n\t\t\t\t\t\t\t\t\t<p>Unsere CSR-Schritte werden von den Zielen geleitet, einerseits ein Aufenthaltsort f\u00fcr alle zu sein und andererseits in ein heterogenes lokales Netzwerk eingebunden zu sein.<\/p><p>Hier ein \u00dcberblick \u00fcber unsere Ma\u00dfnahmen :<\/p><ul><li>Wir haben Unterk\u00fcnfte und Dienstleistungen eingerichtet, die f\u00fcr Personen mit eingeschr\u00e4nkter Mobilit\u00e4t angepasst sind, damit sie ihren Aufenthalt bei uns genie\u00dfen k\u00f6nnen (Label Tourisme et Handicap &#8211; Tourismus- und Handicap-Label).<br \/>Wir geben unseren lokalen Produzenten Vorrang, indem wir ihre Produkte in unserem Lebensmittelgesch\u00e4ft und Restaurant anbieten.<br \/>Wir spenden so weit wie m\u00f6glich unsere gebrauchten Materialien und Gegenst\u00e4nde auf der Webseite &#8222;leboncoin&#8220; . <br \/>Der Integrationsbetrieb (ESAT ) ) f\u00fchrt die j\u00e4hrliche Reinigung von Bettdecken und Kopfkissen durch<br \/>Wir passen die Ankunfts- und Abfahrtszeiten unserer G\u00e4ste an, um ihre Fahrgemeinschaften zu erleichtern<\/li><\/ul>\t\t\t\t\t\t\t\t<\/div>\n\t\t\t\t<\/div>\n\t\t\t\t\t<\/div>\n\t\t<\/div>\n\t\t\t\t<div class=\"elementor-column elementor-col-66 elementor-top-column elementor-element elementor-element-3f0714f1\" data-id=\"3f0714f1\" data-element_type=\"column\">\n\t\t\t<div class=\"elementor-widget-wrap elementor-element-populated\">\n\t\t\t\t\t\t<div class=\"elementor-element elementor-element-4aec8310 e-transform elementor-widget elementor-widget-image\" data-id=\"4aec8310\" data-element_type=\"widget\" data-settings=\"{&quot;_transform_scale_effect&quot;:{&quot;unit&quot;:&quot;px&quot;,&quot;size&quot;:&quot;&quot;,&quot;sizes&quot;:[]},&quot;_transform_scale_effect_tablet&quot;:{&quot;unit&quot;:&quot;px&quot;,&quot;size&quot;:&quot;&quot;,&quot;sizes&quot;:[]},&quot;_transform_scale_effect_mobile&quot;:{&quot;unit&quot;:&quot;px&quot;,&quot;size&quot;:&quot;&quot;,&quot;sizes&quot;:[]}}\" data-widget_type=\"image.default\">\n\t\t\t\t<div class=\"elementor-widget-container\">\n\t\t\t\t\t\t\t\t\t\t\t\t\t\t\t<img loading=\"lazy\" decoding=\"async\" width=\"768\" height=\"1152\" src=\"https:\/\/www.loiseliere.com\/wp-content\/uploads\/2023\/03\/fille-nature-largeur-768.jpg\" class=\"attachment-full size-full wp-image-11121\" alt=\"\" srcset=\"https:\/\/www.loiseliere.com\/wp-content\/uploads\/2023\/03\/fille-nature-largeur-768.jpg 768w, https:\/\/www.loiseliere.com\/wp-content\/uploads\/2023\/03\/fille-nature-largeur-768-200x300.jpg 200w, https:\/\/www.loiseliere.com\/wp-content\/uploads\/2023\/03\/fille-nature-largeur-768-683x1024.jpg 683w\" sizes=\"(max-width: 768px) 100vw, 768px\" \/>\t\t\t\t\t\t\t\t\t\t\t\t\t\t\t<\/div>\n\t\t\t\t<\/div>\n\t\t\t\t\t<\/div>\n\t\t<\/div>\n\t\t\t\t\t<\/div>\n\t\t<\/section>\n\t\t\t\t<\/div>\n\t\t","protected":false},"excerpt":{"rendered":"<p>\u00d6kologisches Engagement \u00ab CSR \u00bb oder Corporate Social Responsibility entspricht der freiwilligen Einbeziehung sozialer und \u00f6kologischer Belange durch Unternehmen in ihre Gesch\u00e4ftst\u00e4tigkeit und ihre Beziehungen zu Stakeholdern. Dies ist die von der Europ\u00e4ischen Kommission gegebenen Definition. Daher wird unser \u00ab CSR \u00bb- Vorgehen von unserem Engagement geleitet, unsere Umwelt zu respektieren. Diese grundlegenden Werte geben [&hellip;]<\/p>\n","protected":false},"author":6,"featured_media":0,"parent":0,"menu_order":0,"comment_status":"closed","ping_status":"closed","template":"","meta":{"footnotes":""},"class_list":["post-17863","page","type-page","status-publish","hentry"],"yoast_head":"<!-- This site is optimized with the Yoast SEO plugin v24.8.1 - https:\/\/yoast.com\/wordpress\/plugins\/seo\/ -->\n<title>\u00d6kologisches Engagement<\/title>\n<meta name=\"description\" content=\"W\u00e4hlen Sie unseren \u00f6kologischen Campingplatz f\u00fcr einen \u00f6kologischen Aufenthalt. Unser \u00f6kologisches Engagement wird durch 3 Labels best\u00e4tigt: \u00ab Europ\u00e4isches Ecolabel \u00bb, \u00ab Clef verte \u00bb, \u00ab Charte + Nature \u00bb\" \/>\n<meta name=\"robots\" content=\"index, follow, max-snippet:-1, max-image-preview:large, max-video-preview:-1\" \/>\n<link rel=\"canonical\" href=\"https:\/\/www.loiseliere.com\/de\/oekologischer-campingplatz-europaisches-umweltzeichen-umwelt\/\" \/>\n<meta property=\"og:locale\" content=\"de_DE\" \/>\n<meta property=\"og:type\" content=\"article\" \/>\n<meta property=\"og:title\" content=\"\u00d6kologisches Engagement\" \/>\n<meta property=\"og:description\" content=\"W\u00e4hlen Sie unseren \u00f6kologischen Campingplatz f\u00fcr einen \u00f6kologischen Aufenthalt. Unser \u00f6kologisches Engagement wird durch 3 Labels best\u00e4tigt: \u00ab Europ\u00e4isches Ecolabel \u00bb, \u00ab Clef verte \u00bb, \u00ab Charte + Nature \u00bb\" \/>\n<meta property=\"og:url\" content=\"https:\/\/www.loiseliere.com\/de\/oekologischer-campingplatz-europaisches-umweltzeichen-umwelt\/\" \/>\n<meta property=\"og:site_name\" content=\"Domaine de l&#039;Oiseli\u00e8re\" \/>\n<meta property=\"article:publisher\" content=\"https:\/\/www.facebook.com\/loiseliere\" \/>\n<meta property=\"article:modified_time\" content=\"2025-12-09T14:13:46+00:00\" \/>\n<meta property=\"og:image\" content=\"https:\/\/www.loiseliere.com\/wp-content\/uploads\/2025\/02\/espace-detente-plage-vegetale-largeur-1100.jpg\" \/>\n<meta name=\"twitter:card\" content=\"summary_large_image\" \/>\n<meta name=\"twitter:label1\" content=\"Gesch\u00e4tzte Lesezeit\" \/>\n\t<meta name=\"twitter:data1\" content=\"13\u00a0Minuten\" \/>\n<script type=\"application\/ld+json\" class=\"yoast-schema-graph\">{\"@context\":\"https:\/\/schema.org\",\"@graph\":[{\"@type\":\"WebPage\",\"@id\":\"https:\/\/www.loiseliere.com\/de\/oekologischer-campingplatz-europaisches-umweltzeichen-umwelt\/\",\"url\":\"https:\/\/www.loiseliere.com\/de\/oekologischer-campingplatz-europaisches-umweltzeichen-umwelt\/\",\"name\":\"\u00d6kologisches Engagement\",\"isPartOf\":{\"@id\":\"https:\/\/www.loiseliere.com\/de\/#website\"},\"primaryImageOfPage\":{\"@id\":\"https:\/\/www.loiseliere.com\/de\/oekologischer-campingplatz-europaisches-umweltzeichen-umwelt\/#primaryimage\"},\"image\":{\"@id\":\"https:\/\/www.loiseliere.com\/de\/oekologischer-campingplatz-europaisches-umweltzeichen-umwelt\/#primaryimage\"},\"thumbnailUrl\":\"https:\/\/www.loiseliere.com\/wp-content\/uploads\/2025\/02\/espace-detente-plage-vegetale-largeur-1100.jpg\",\"datePublished\":\"2023-03-20T10:13:50+00:00\",\"dateModified\":\"2025-12-09T14:13:46+00:00\",\"description\":\"W\u00e4hlen Sie unseren \u00f6kologischen Campingplatz f\u00fcr einen \u00f6kologischen Aufenthalt. Unser \u00f6kologisches Engagement wird durch 3 Labels best\u00e4tigt: \u00ab Europ\u00e4isches Ecolabel \u00bb, \u00ab Clef verte \u00bb, \u00ab Charte + Nature \u00bb\",\"breadcrumb\":{\"@id\":\"https:\/\/www.loiseliere.com\/de\/oekologischer-campingplatz-europaisches-umweltzeichen-umwelt\/#breadcrumb\"},\"inLanguage\":\"de\",\"potentialAction\":[{\"@type\":\"ReadAction\",\"target\":[\"https:\/\/www.loiseliere.com\/de\/oekologischer-campingplatz-europaisches-umweltzeichen-umwelt\/\"]}]},{\"@type\":\"ImageObject\",\"inLanguage\":\"de\",\"@id\":\"https:\/\/www.loiseliere.com\/de\/oekologischer-campingplatz-europaisches-umweltzeichen-umwelt\/#primaryimage\",\"url\":\"https:\/\/www.loiseliere.com\/wp-content\/uploads\/2025\/02\/espace-detente-plage-vegetale-largeur-1100.jpg\",\"contentUrl\":\"https:\/\/www.loiseliere.com\/wp-content\/uploads\/2025\/02\/espace-detente-plage-vegetale-largeur-1100.jpg\"},{\"@type\":\"BreadcrumbList\",\"@id\":\"https:\/\/www.loiseliere.com\/de\/oekologischer-campingplatz-europaisches-umweltzeichen-umwelt\/#breadcrumb\",\"itemListElement\":[{\"@type\":\"ListItem\",\"position\":1,\"name\":\"Home\",\"item\":\"https:\/\/www.loiseliere.com\/de\/\"},{\"@type\":\"ListItem\",\"position\":2,\"name\":\"\u00d6kologisches Engagement\"}]},{\"@type\":\"WebSite\",\"@id\":\"https:\/\/www.loiseliere.com\/de\/#website\",\"url\":\"https:\/\/www.loiseliere.com\/de\/\",\"name\":\"Domaine de l&#039;Oiseli\u00e8re\",\"description\":\"Camping, s\u00e9minaires et mariages\",\"publisher\":{\"@id\":\"https:\/\/www.loiseliere.com\/de\/#organization\"},\"alternateName\":\"L'Oiseli\u00e8re\",\"potentialAction\":[{\"@type\":\"SearchAction\",\"target\":{\"@type\":\"EntryPoint\",\"urlTemplate\":\"https:\/\/www.loiseliere.com\/de\/?s={search_term_string}\"},\"query-input\":{\"@type\":\"PropertyValueSpecification\",\"valueRequired\":true,\"valueName\":\"search_term_string\"}}],\"inLanguage\":\"de\"},{\"@type\":\"Organization\",\"@id\":\"https:\/\/www.loiseliere.com\/de\/#organization\",\"name\":\"Domaine de l'Oiseli\u00e8re\",\"alternateName\":\"L'Oiseli\u00e8re\",\"url\":\"https:\/\/www.loiseliere.com\/de\/\",\"logo\":{\"@type\":\"ImageObject\",\"inLanguage\":\"de\",\"@id\":\"https:\/\/www.loiseliere.com\/de\/#\/schema\/logo\/image\/\",\"url\":\"https:\/\/www.loiseliere.com\/wp-content\/uploads\/2023\/03\/Logo-oiseliere-1.png\",\"contentUrl\":\"https:\/\/www.loiseliere.com\/wp-content\/uploads\/2023\/03\/Logo-oiseliere-1.png\",\"width\":313,\"height\":260,\"caption\":\"Domaine de l'Oiseli\u00e8re\"},\"image\":{\"@id\":\"https:\/\/www.loiseliere.com\/de\/#\/schema\/logo\/image\/\"},\"sameAs\":[\"https:\/\/www.facebook.com\/loiseliere\",\"https:\/\/www.instagram.com\/ledomainedeloiseliere\/\",\"https:\/\/www.linkedin.com\/company\/domaine-de-l-oiselire\/\"]}]}<\/script>\n<!-- \/ Yoast SEO plugin. -->","yoast_head_json":{"title":"\u00d6kologisches Engagement","description":"W\u00e4hlen Sie unseren \u00f6kologischen Campingplatz f\u00fcr einen \u00f6kologischen Aufenthalt. Unser \u00f6kologisches Engagement wird durch 3 Labels best\u00e4tigt: \u00ab Europ\u00e4isches Ecolabel \u00bb, \u00ab Clef verte \u00bb, \u00ab Charte + Nature \u00bb","robots":{"index":"index","follow":"follow","max-snippet":"max-snippet:-1","max-image-preview":"max-image-preview:large","max-video-preview":"max-video-preview:-1"},"canonical":"https:\/\/www.loiseliere.com\/de\/oekologischer-campingplatz-europaisches-umweltzeichen-umwelt\/","og_locale":"de_DE","og_type":"article","og_title":"\u00d6kologisches Engagement","og_description":"W\u00e4hlen Sie unseren \u00f6kologischen Campingplatz f\u00fcr einen \u00f6kologischen Aufenthalt. Unser \u00f6kologisches Engagement wird durch 3 Labels best\u00e4tigt: \u00ab Europ\u00e4isches Ecolabel \u00bb, \u00ab Clef verte \u00bb, \u00ab Charte + Nature \u00bb","og_url":"https:\/\/www.loiseliere.com\/de\/oekologischer-campingplatz-europaisches-umweltzeichen-umwelt\/","og_site_name":"Domaine de l&#039;Oiseli\u00e8re","article_publisher":"https:\/\/www.facebook.com\/loiseliere","article_modified_time":"2025-12-09T14:13:46+00:00","og_image":[{"url":"https:\/\/www.loiseliere.com\/wp-content\/uploads\/2025\/02\/espace-detente-plage-vegetale-largeur-1100.jpg","type":"","width":"","height":""}],"twitter_card":"summary_large_image","twitter_misc":{"Gesch\u00e4tzte Lesezeit":"13\u00a0Minuten"},"schema":{"@context":"https:\/\/schema.org","@graph":[{"@type":"WebPage","@id":"https:\/\/www.loiseliere.com\/de\/oekologischer-campingplatz-europaisches-umweltzeichen-umwelt\/","url":"https:\/\/www.loiseliere.com\/de\/oekologischer-campingplatz-europaisches-umweltzeichen-umwelt\/","name":"\u00d6kologisches Engagement","isPartOf":{"@id":"https:\/\/www.loiseliere.com\/de\/#website"},"primaryImageOfPage":{"@id":"https:\/\/www.loiseliere.com\/de\/oekologischer-campingplatz-europaisches-umweltzeichen-umwelt\/#primaryimage"},"image":{"@id":"https:\/\/www.loiseliere.com\/de\/oekologischer-campingplatz-europaisches-umweltzeichen-umwelt\/#primaryimage"},"thumbnailUrl":"https:\/\/www.loiseliere.com\/wp-content\/uploads\/2025\/02\/espace-detente-plage-vegetale-largeur-1100.jpg","datePublished":"2023-03-20T10:13:50+00:00","dateModified":"2025-12-09T14:13:46+00:00","description":"W\u00e4hlen Sie unseren \u00f6kologischen Campingplatz f\u00fcr einen \u00f6kologischen Aufenthalt. Unser \u00f6kologisches Engagement wird durch 3 Labels best\u00e4tigt: \u00ab Europ\u00e4isches Ecolabel \u00bb, \u00ab Clef verte \u00bb, \u00ab Charte + Nature \u00bb","breadcrumb":{"@id":"https:\/\/www.loiseliere.com\/de\/oekologischer-campingplatz-europaisches-umweltzeichen-umwelt\/#breadcrumb"},"inLanguage":"de","potentialAction":[{"@type":"ReadAction","target":["https:\/\/www.loiseliere.com\/de\/oekologischer-campingplatz-europaisches-umweltzeichen-umwelt\/"]}]},{"@type":"ImageObject","inLanguage":"de","@id":"https:\/\/www.loiseliere.com\/de\/oekologischer-campingplatz-europaisches-umweltzeichen-umwelt\/#primaryimage","url":"https:\/\/www.loiseliere.com\/wp-content\/uploads\/2025\/02\/espace-detente-plage-vegetale-largeur-1100.jpg","contentUrl":"https:\/\/www.loiseliere.com\/wp-content\/uploads\/2025\/02\/espace-detente-plage-vegetale-largeur-1100.jpg"},{"@type":"BreadcrumbList","@id":"https:\/\/www.loiseliere.com\/de\/oekologischer-campingplatz-europaisches-umweltzeichen-umwelt\/#breadcrumb","itemListElement":[{"@type":"ListItem","position":1,"name":"Home","item":"https:\/\/www.loiseliere.com\/de\/"},{"@type":"ListItem","position":2,"name":"\u00d6kologisches Engagement"}]},{"@type":"WebSite","@id":"https:\/\/www.loiseliere.com\/de\/#website","url":"https:\/\/www.loiseliere.com\/de\/","name":"Domaine de l&#039;Oiseli\u00e8re","description":"Camping, s\u00e9minaires et mariages","publisher":{"@id":"https:\/\/www.loiseliere.com\/de\/#organization"},"alternateName":"L'Oiseli\u00e8re","potentialAction":[{"@type":"SearchAction","target":{"@type":"EntryPoint","urlTemplate":"https:\/\/www.loiseliere.com\/de\/?s={search_term_string}"},"query-input":{"@type":"PropertyValueSpecification","valueRequired":true,"valueName":"search_term_string"}}],"inLanguage":"de"},{"@type":"Organization","@id":"https:\/\/www.loiseliere.com\/de\/#organization","name":"Domaine de l'Oiseli\u00e8re","alternateName":"L'Oiseli\u00e8re","url":"https:\/\/www.loiseliere.com\/de\/","logo":{"@type":"ImageObject","inLanguage":"de","@id":"https:\/\/www.loiseliere.com\/de\/#\/schema\/logo\/image\/","url":"https:\/\/www.loiseliere.com\/wp-content\/uploads\/2023\/03\/Logo-oiseliere-1.png","contentUrl":"https:\/\/www.loiseliere.com\/wp-content\/uploads\/2023\/03\/Logo-oiseliere-1.png","width":313,"height":260,"caption":"Domaine de l'Oiseli\u00e8re"},"image":{"@id":"https:\/\/www.loiseliere.com\/de\/#\/schema\/logo\/image\/"},"sameAs":["https:\/\/www.facebook.com\/loiseliere","https:\/\/www.instagram.com\/ledomainedeloiseliere\/","https:\/\/www.linkedin.com\/company\/domaine-de-l-oiselire\/"]}]}},"_links":{"self":[{"href":"https:\/\/www.loiseliere.com\/de\/wp-json\/wp\/v2\/pages\/17863","targetHints":{"allow":["GET"]}}],"collection":[{"href":"https:\/\/www.loiseliere.com\/de\/wp-json\/wp\/v2\/pages"}],"about":[{"href":"https:\/\/www.loiseliere.com\/de\/wp-json\/wp\/v2\/types\/page"}],"author":[{"embeddable":true,"href":"https:\/\/www.loiseliere.com\/de\/wp-json\/wp\/v2\/users\/6"}],"replies":[{"embeddable":true,"href":"https:\/\/www.loiseliere.com\/de\/wp-json\/wp\/v2\/comments?post=17863"}],"version-history":[{"count":8,"href":"https:\/\/www.loiseliere.com\/de\/wp-json\/wp\/v2\/pages\/17863\/revisions"}],"predecessor-version":[{"id":36648,"href":"https:\/\/www.loiseliere.com\/de\/wp-json\/wp\/v2\/pages\/17863\/revisions\/36648"}],"wp:attachment":[{"href":"https:\/\/www.loiseliere.com\/de\/wp-json\/wp\/v2\/media?parent=17863"}],"curies":[{"name":"wp","href":"https:\/\/api.w.org\/{rel}","templated":true}]}}